{"id":30176,"date":"2017-04-02T11:00:14","date_gmt":"2017-04-02T11:00:14","guid":{"rendered":"https:\/\/www.futbolmarbella.com\/campus-easter-2005\/"},"modified":"2017-04-02T11:00:14","modified_gmt":"2017-04-02T11:00:14","slug":"campus-easter-2005","status":"publish","type":"page","link":"https:\/\/www.futbolmarbella.com\/en\/campus-easter-2005\/","title":{"rendered":"Campus Easter 2005"},"content":{"rendered":"<p>[et_pb_section admin_label=&#8221;section&#8221; transparent_background=&#8221;off&#8221; allow_player_pause=&#8221;off&#8221; inner_shadow=&#8221;off&#8221; parallax=&#8221;off&#8221; parallax_method=&#8221;on&#8221; custom_padding=&#8221;0px|0px|0px|0px&#8221; make_fullwidth=&#8221;off&#8221; use_custom_width=&#8221;off&#8221; width_unit=&#8221;off&#8221; custom_width_px=&#8221;1080px&#8221; custom_width_percent=&#8221;80%&#8221; make_equal=&#8221;off&#8221; use_custom_gutter=&#8221;off&#8221; fullwidth=&#8221;on&#8221; specialty=&#8221;off&#8221; disabled=&#8221;off&#8221;][et_pb_fullwidth_slider admin_label=&#8221;Fullwidth Slider&#8221; show_arrows=&#8221;off&#8221; show_pagination=&#8221;off&#8221; auto=&#8221;off&#8221; auto_speed=&#8221;7000&#8243; auto_ignore_hover=&#8221;off&#8221; parallax=&#8221;on&#8221; parallax_method=&#8221;on&#8221; remove_inner_shadow=&#8221;off&#8221; background_position=&#8221;default&#8221; background_size=&#8221;default&#8221; hide_content_on_mobile=&#8221;off&#8221; hide_cta_on_mobile=&#8221;off&#8221; show_image_video_mobile=&#8221;off&#8221; custom_button=&#8221;off&#8221; button_letter_spacing=&#8221;0&#8243; button_use_icon=&#8221;on&#8221; button_icon_placement=&#8221;right&#8221; button_on_hover=&#8221;on&#8221; button_letter_spacing_hover=&#8221;0&#8243; disabled=&#8221;off&#8221;] [et_pb_slide heading=&#8221;Campus Easter 2005&#8243; button_link=&#8221;#&#8221; background_image=&#8221;https:\/\/www.futbolmarbella.com\/wp-content\/uploads\/2017\/01\/fondo_MPF.jpg&#8221; background_position=&#8221;top_left&#8221; background_size=&#8221;default&#8221; background_color=&#8221;#ffffff&#8221; use_bg_overlay=&#8221;on&#8221; use_text_overlay=&#8221;off&#8221; alignment=&#8221;center&#8221; background_layout=&#8221;dark&#8221; allow_player_pause=&#8221;off&#8221; text_border_radius=&#8221;3&#8243; header_font=&#8221;||||&#8221; body_font=&#8221;||||&#8221; custom_button=&#8221;off&#8221; button_font=&#8221;||||&#8221; button_use_icon=&#8221;default&#8221; button_icon_placement=&#8221;right&#8221; button_on_hover=&#8221;on&#8221; disabled=&#8221;off&#8221; header_font_select=&#8221;default&#8221; body_font_select=&#8221;default&#8221; button_font_select=&#8221;default&#8221;] [\/et_pb_slide] [\/et_pb_fullwidth_slider][\/et_pb_section][et_pb_section admin_label=&#8221;section&#8221;][et_pb_row admin_label=&#8221;row&#8221; make_fullwidth=&#8221;off&#8221; use_custom_width=&#8221;off&#8221; width_unit=&#8221;on&#8221; use_custom_gutter=&#8221;on&#8221; gutter_width=&#8221;2&#8243; allow_player_pause=&#8221;off&#8221; parallax=&#8221;off&#8221; parallax_method=&#8221;off&#8221; make_equal=&#8221;off&#8221; parallax_1=&#8221;off&#8221; parallax_method_1=&#8221;off&#8221;][et_pb_column type=&#8221;4_4&#8243;][et_pb_text admin_label=&#8221;Texto&#8221; background_layout=&#8221;light&#8221; text_orientation=&#8221;left&#8221; use_border_color=&#8221;off&#8221; border_color=&#8221;#ffffff&#8221; border_style=&#8221;solid&#8221;]<br \/>\nLas instalaciones de MPF en Marbella volvieron a ser la sede de una nueva actividad relacionada con el f\u00fatbol. Los directores, Adolfo Aldana y Reuf Dervic, congregaron a 80 chicos en estas instalaciones para realizar un curso intensivo de tecnificaci\u00f3n. Este curso cont\u00f3 con la colaboraci\u00f3n del ex -jugador del Real Madrid, Julio Llorente y la presencia como invitado de todo un grande, como jugador, como entrenador y como persona, Vicente del Bosque, que durante toda una ma\u00f1ana deleit\u00f3 a los m\u00e1s peque\u00f1os y mayores con su saber y su experiencia.<\/p>\n<p>[\/et_pb_text][et_pb_gallery admin_label=&#8221;Galer\u00eda&#8221; gallery_ids=&#8221;28856,28857,28858,28859,28860,28861,28862,28863,28864,28865,28866,28867,28868,28869,28870,28871,28872,28873,28874,28875,28876,28877,28878,28879,28880,28881,28882,28883,28884,28885,28886,28887,28888,28889,28890,28891,28892,28893,28894,28895,28896,28897,28898,28899,28900,28901,28902,28903,28904,28905,28906,28907,28908,28909,28910,28911,28912,28913,28914,28915,28916,28917,28918,28919,28920,28921,28922,28923,28924,28925,28926,28927,28928,28929,28930,28931,28932,28933,28934,28935,28936,28937,28938,28939,28940,28941,28942,28943,28944,28945,28946,28947,28948,28949,28950,28951,28952,28953,28954,28955,28961,28962,28963,28964,28965,28966,28967,28968,28969,28970,28971,28972,28973,28974,28975,28976,28977,28978,28979,28980,28981,28982,28983,28984,28985,28986,28987,28988,28989,28990,28991,28992,28993,28994,28995,28996,28997,28998,28999,29000,29001,29002,29003,29004,29005,29006,29007,29008,29009,29010,29011,29012,29013,29014,29015,29016,29017,29018,29019,29020,29021,29022,29023,29024,29025,29026,29027,29028,29029,29030&#8243; fullwidth=&#8221;off&#8221; show_title_and_caption=&#8221;off&#8221; show_pagination=&#8221;on&#8221; background_layout=&#8221;light&#8221; auto=&#8221;off&#8221; hover_overlay_color=&#8221;rgba(255,255,255,0.9)&#8221; use_border_color=&#8221;off&#8221; border_color=&#8221;#ffffff&#8221; border_style=&#8221;solid&#8221; posts_number=&#8221;12&#8243; \/][\/et_pb_column][\/et_pb_row][\/et_pb_section]<\/p>\n","protected":false},"excerpt":{"rendered":"<p>Las instalaciones de MPF en Marbella volvieron a ser la sede de una nueva actividad relacionada con el f\u00fatbol. Los directores, Adolfo Aldana y Reuf Dervic, congregaron a 80 chicos en estas instalaciones para realizar un curso intensivo de tecnificaci\u00f3n. Este curso cont\u00f3 con la colaboraci\u00f3n del ex -jugador del Real Madrid, Julio Llorente y [&hellip;]<\/p>\n","protected":false},"author":1,"featured_media":0,"parent":0,"menu_order":0,"comment_status":"closed","ping_status":"closed","template":"","meta":{"_et_pb_use_builder":"on","_et_pb_old_content":"","_et_gb_content_width":"","_monsterinsights_skip_tracking":false,"_monsterinsights_sitenote_active":false,"_monsterinsights_sitenote_note":"","_monsterinsights_sitenote_category":0,"footnotes":""},"class_list":["post-30176","page","type-page","status-publish","hentry"],"yoast_head":"<!-- This site is optimized with the Yoast SEO plugin v27.0 - https:\/\/yoast.com\/product\/yoast-seo-wordpress\/ -->\n<title>Campus Easter 2005 - Campus de Futbol Marbella<\/title>\n<meta name=\"robots\" content=\"index, follow, max-snippet:-1, max-image-preview:large, max-video-preview:-1\" \/>\n<link rel=\"canonical\" href=\"https:\/\/www.futbolmarbella.com\/en\/campus-easter-2005\/\" \/>\n<meta property=\"og:locale\" content=\"en_US\" \/>\n<meta property=\"og:type\" content=\"article\" \/>\n<meta property=\"og:title\" content=\"Campus Easter 2005 - Campus de Futbol Marbella\" \/>\n<meta property=\"og:description\" content=\"Las instalaciones de MPF en Marbella volvieron a ser la sede de una nueva actividad relacionada con el f\u00fatbol. Los directores, Adolfo Aldana y Reuf Dervic, congregaron a 80 chicos en estas instalaciones para realizar un curso intensivo de tecnificaci\u00f3n. Este curso cont\u00f3 con la colaboraci\u00f3n del ex -jugador del Real Madrid, Julio Llorente y [&hellip;]\" \/>\n<meta property=\"og:url\" content=\"https:\/\/www.futbolmarbella.com\/en\/campus-easter-2005\/\" \/>\n<meta property=\"og:site_name\" content=\"Campus de Futbol Marbella\" \/>\n<meta property=\"article:publisher\" content=\"https:\/\/www.facebook.com\/Campus-de-F%c3%batbol-Marbella-136259636436216\/?fref=ts\" \/>\n<meta name=\"twitter:card\" content=\"summary_large_image\" \/>\n<meta name=\"twitter:site\" content=\"@CampusMarbella\" \/>\n<meta name=\"twitter:label1\" content=\"Est. reading time\" \/>\n\t<meta name=\"twitter:data1\" content=\"2 minutes\" \/>\n<script type=\"application\/ld+json\" class=\"yoast-schema-graph\">{\"@context\":\"https:\/\/schema.org\",\"@graph\":[{\"@type\":\"WebPage\",\"@id\":\"https:\/\/www.futbolmarbella.com\/en\/campus-easter-2005\/\",\"url\":\"https:\/\/www.futbolmarbella.com\/en\/campus-easter-2005\/\",\"name\":\"Campus Easter 2005 - Campus de Futbol Marbella\",\"isPartOf\":{\"@id\":\"https:\/\/www.futbolmarbella.com\/en\/#website\"},\"datePublished\":\"2017-04-02T11:00:14+00:00\",\"breadcrumb\":{\"@id\":\"https:\/\/www.futbolmarbella.com\/en\/campus-easter-2005\/#breadcrumb\"},\"inLanguage\":\"en-US\",\"potentialAction\":[{\"@type\":\"ReadAction\",\"target\":[\"https:\/\/www.futbolmarbella.com\/en\/campus-easter-2005\/\"]}]},{\"@type\":\"BreadcrumbList\",\"@id\":\"https:\/\/www.futbolmarbella.com\/en\/campus-easter-2005\/#breadcrumb\",\"itemListElement\":[{\"@type\":\"ListItem\",\"position\":1,\"name\":\"Portada\",\"item\":\"https:\/\/www.futbolmarbella.com\/en\/\"},{\"@type\":\"ListItem\",\"position\":2,\"name\":\"Campus Easter 2005\"}]},{\"@type\":\"WebSite\",\"@id\":\"https:\/\/www.futbolmarbella.com\/en\/#website\",\"url\":\"https:\/\/www.futbolmarbella.com\/en\/\",\"name\":\"Campus de Futbol Marbella\",\"description\":\"\",\"publisher\":{\"@id\":\"https:\/\/www.futbolmarbella.com\/en\/#organization\"},\"potentialAction\":[{\"@type\":\"SearchAction\",\"target\":{\"@type\":\"EntryPoint\",\"urlTemplate\":\"https:\/\/www.futbolmarbella.com\/en\/?s={search_term_string}\"},\"query-input\":{\"@type\":\"PropertyValueSpecification\",\"valueRequired\":true,\"valueName\":\"search_term_string\"}}],\"inLanguage\":\"en-US\"},{\"@type\":\"Organization\",\"@id\":\"https:\/\/www.futbolmarbella.com\/en\/#organization\",\"name\":\"Campus de Futbol Marbella\",\"url\":\"https:\/\/www.futbolmarbella.com\/en\/\",\"logo\":{\"@type\":\"ImageObject\",\"inLanguage\":\"en-US\",\"@id\":\"https:\/\/www.futbolmarbella.com\/en\/#\/schema\/logo\/image\/\",\"url\":\"https:\/\/www.futbolmarbella.com\/wp-content\/uploads\/2017\/01\/logo_campus-futbol-marbella.png\",\"contentUrl\":\"https:\/\/www.futbolmarbella.com\/wp-content\/uploads\/2017\/01\/logo_campus-futbol-marbella.png\",\"width\":218,\"height\":187,\"caption\":\"Campus de Futbol Marbella\"},\"image\":{\"@id\":\"https:\/\/www.futbolmarbella.com\/en\/#\/schema\/logo\/image\/\"},\"sameAs\":[\"https:\/\/www.facebook.com\/Campus-de-F\u00fatbol-Marbella-136259636436216\/?fref=ts\",\"https:\/\/x.com\/CampusMarbella\",\"https:\/\/www.youtube.com\/user\/futbolmarbella\"]}]}<\/script>\n<!-- \/ Yoast SEO plugin. -->","yoast_head_json":{"title":"Campus Easter 2005 - Campus de Futbol Marbella","robots":{"index":"index","follow":"follow","max-snippet":"max-snippet:-1","max-image-preview":"max-image-preview:large","max-video-preview":"max-video-preview:-1"},"canonical":"https:\/\/www.futbolmarbella.com\/en\/campus-easter-2005\/","og_locale":"en_US","og_type":"article","og_title":"Campus Easter 2005 - Campus de Futbol Marbella","og_description":"Las instalaciones de MPF en Marbella volvieron a ser la sede de una nueva actividad relacionada con el f\u00fatbol. Los directores, Adolfo Aldana y Reuf Dervic, congregaron a 80 chicos en estas instalaciones para realizar un curso intensivo de tecnificaci\u00f3n. Este curso cont\u00f3 con la colaboraci\u00f3n del ex -jugador del Real Madrid, Julio Llorente y [&hellip;]","og_url":"https:\/\/www.futbolmarbella.com\/en\/campus-easter-2005\/","og_site_name":"Campus de Futbol Marbella","article_publisher":"https:\/\/www.facebook.com\/Campus-de-F%c3%batbol-Marbella-136259636436216\/?fref=ts","twitter_card":"summary_large_image","twitter_site":"@CampusMarbella","twitter_misc":{"Est. reading time":"2 minutes"},"schema":{"@context":"https:\/\/schema.org","@graph":[{"@type":"WebPage","@id":"https:\/\/www.futbolmarbella.com\/en\/campus-easter-2005\/","url":"https:\/\/www.futbolmarbella.com\/en\/campus-easter-2005\/","name":"Campus Easter 2005 - Campus de Futbol Marbella","isPartOf":{"@id":"https:\/\/www.futbolmarbella.com\/en\/#website"},"datePublished":"2017-04-02T11:00:14+00:00","breadcrumb":{"@id":"https:\/\/www.futbolmarbella.com\/en\/campus-easter-2005\/#breadcrumb"},"inLanguage":"en-US","potentialAction":[{"@type":"ReadAction","target":["https:\/\/www.futbolmarbella.com\/en\/campus-easter-2005\/"]}]},{"@type":"BreadcrumbList","@id":"https:\/\/www.futbolmarbella.com\/en\/campus-easter-2005\/#breadcrumb","itemListElement":[{"@type":"ListItem","position":1,"name":"Portada","item":"https:\/\/www.futbolmarbella.com\/en\/"},{"@type":"ListItem","position":2,"name":"Campus Easter 2005"}]},{"@type":"WebSite","@id":"https:\/\/www.futbolmarbella.com\/en\/#website","url":"https:\/\/www.futbolmarbella.com\/en\/","name":"Campus de Futbol Marbella","description":"","publisher":{"@id":"https:\/\/www.futbolmarbella.com\/en\/#organization"},"potentialAction":[{"@type":"SearchAction","target":{"@type":"EntryPoint","urlTemplate":"https:\/\/www.futbolmarbella.com\/en\/?s={search_term_string}"},"query-input":{"@type":"PropertyValueSpecification","valueRequired":true,"valueName":"search_term_string"}}],"inLanguage":"en-US"},{"@type":"Organization","@id":"https:\/\/www.futbolmarbella.com\/en\/#organization","name":"Campus de Futbol Marbella","url":"https:\/\/www.futbolmarbella.com\/en\/","logo":{"@type":"ImageObject","inLanguage":"en-US","@id":"https:\/\/www.futbolmarbella.com\/en\/#\/schema\/logo\/image\/","url":"https:\/\/www.futbolmarbella.com\/wp-content\/uploads\/2017\/01\/logo_campus-futbol-marbella.png","contentUrl":"https:\/\/www.futbolmarbella.com\/wp-content\/uploads\/2017\/01\/logo_campus-futbol-marbella.png","width":218,"height":187,"caption":"Campus de Futbol Marbella"},"image":{"@id":"https:\/\/www.futbolmarbella.com\/en\/#\/schema\/logo\/image\/"},"sameAs":["https:\/\/www.facebook.com\/Campus-de-F\u00fatbol-Marbella-136259636436216\/?fref=ts","https:\/\/x.com\/CampusMarbella","https:\/\/www.youtube.com\/user\/futbolmarbella"]}]}},"_links":{"self":[{"href":"https:\/\/www.futbolmarbella.com\/en\/wp-json\/wp\/v2\/pages\/30176","targetHints":{"allow":["GET"]}}],"collection":[{"href":"https:\/\/www.futbolmarbella.com\/en\/wp-json\/wp\/v2\/pages"}],"about":[{"href":"https:\/\/www.futbolmarbella.com\/en\/wp-json\/wp\/v2\/types\/page"}],"author":[{"embeddable":true,"href":"https:\/\/www.futbolmarbella.com\/en\/wp-json\/wp\/v2\/users\/1"}],"replies":[{"embeddable":true,"href":"https:\/\/www.futbolmarbella.com\/en\/wp-json\/wp\/v2\/comments?post=30176"}],"version-history":[{"count":1,"href":"https:\/\/www.futbolmarbella.com\/en\/wp-json\/wp\/v2\/pages\/30176\/revisions"}],"predecessor-version":[{"id":30177,"href":"https:\/\/www.futbolmarbella.com\/en\/wp-json\/wp\/v2\/pages\/30176\/revisions\/30177"}],"wp:attachment":[{"href":"https:\/\/www.futbolmarbella.com\/en\/wp-json\/wp\/v2\/media?parent=30176"}],"curies":[{"name":"wp","href":"https:\/\/api.w.org\/{rel}","templated":true}]}}