{"id":30166,"date":"2017-01-28T15:46:36","date_gmt":"2017-01-28T15:46:36","guid":{"rendered":"https:\/\/www.futbolmarbella.com\/campus\/"},"modified":"2026-03-01T19:33:15","modified_gmt":"2026-03-01T19:33:15","slug":"thecampus","status":"publish","type":"page","link":"https:\/\/www.futbolmarbella.com\/en\/thecampus\/","title":{"rendered":"The Campus"},"content":{"rendered":"<p>[et_pb_section fb_built=&#8221;1&#8243; admin_label=&#8221;Hero&#8221; _builder_version=&#8221;4.3.2&#8243; use_background_color_gradient=&#8221;on&#8221; background_color_gradient_start=&#8221;rgba(0,0,0,0.77)&#8221; background_color_gradient_end=&#8221;rgba(0,0,0,0)&#8221; background_color_gradient_overlays_image=&#8221;on&#8221; background_image=&#8221;https:\/\/www.futbolmarbella.com\/wp-content\/uploads\/Dama-de-Noche-group-2.jpg&#8221; custom_margin=&#8221;|||&#8221; custom_padding=&#8221;180px||0px|&#8221; bottom_divider_style=&#8221;slant&#8221; bottom_divider_color=&#8221;#ffffff&#8221; bottom_divider_flip=&#8221;horizontal&#8221; animation_style=&#8221;slide&#8221; animation_direction=&#8221;top&#8221; animation_intensity_slide=&#8221;5%&#8221; animation_starting_opacity=&#8221;100%&#8221; global_colors_info=&#8221;{}&#8221;][et_pb_row column_structure=&#8221;3_4,1_4&#8243; _builder_version=&#8221;3.25&#8243; background_size=&#8221;initial&#8221; background_position=&#8221;top_left&#8221; background_repeat=&#8221;repeat&#8221; custom_padding=&#8221;27px|0px|0px|0px&#8221; global_colors_info=&#8221;{}&#8221;][et_pb_column type=&#8221;3_4&#8243; _builder_version=&#8221;3.25&#8243; custom_padding=&#8221;|||&#8221; global_colors_info=&#8221;{}&#8221; custom_padding__hover=&#8221;|||&#8221;][et_pb_text admin_label=&#8221;Title&#8221; _builder_version=&#8221;4.14.2&#8243; header_font=&#8221;Montserrat|600|||||||&#8221; header_font_size=&#8221;80px&#8221; header_line_height=&#8221;1.2em&#8221; background_layout=&#8221;dark&#8221; animation_style=&#8221;zoom&#8221; animation_direction=&#8221;left&#8221; animation_intensity_zoom=&#8221;10%&#8221; header_font_size_tablet=&#8221;40px&#8221; header_font_size_phone=&#8221;&#8221; header_font_size_last_edited=&#8221;on|phone&#8221; z_index_tablet=&#8221;500&#8243; global_colors_info=&#8221;{}&#8221;]<\/p>\n<h1>Intensive soccer course for 2 weeks<\/h1>\n<p>[\/et_pb_text][et_pb_divider color=&#8221;rgba(255,255,255,0.7)&#8221; divider_weight=&#8221;3px&#8221; _builder_version=&#8221;4.3.2&#8243; max_width=&#8221;120px&#8221; animation_style=&#8221;zoom&#8221; animation_direction=&#8221;left&#8221; global_colors_info=&#8221;{}&#8221;][\/et_pb_divider][et_pb_text _builder_version=&#8221;4.3.2&#8243; text_font=&#8221;Montserrat|300|||||||&#8221; text_font_size=&#8221;20px&#8221; text_line_height=&#8221;1.8em&#8221; background_layout=&#8221;dark&#8221; animation_style=&#8221;zoom&#8221; animation_direction=&#8221;left&#8221; animation_delay=&#8221;100ms&#8221; animation_intensity_zoom=&#8221;10%&#8221; global_colors_info=&#8221;{}&#8221;]<\/p>\n<h1><strong>Directed by Adolfo Aldana With the best professionals, first level coaches and legends of our league.<\/strong><\/h1>\n<p>[\/et_pb_text][et_pb_button button_url=&#8221;https:\/\/www.futbolmarbella.com\/en\/registration\/&#8221; url_new_window=&#8221;on&#8221; button_text=&#8221;Register here&#8221; _builder_version=&#8221;4.14.2&#8243; custom_button=&#8221;on&#8221; button_text_size=&#8221;14px&#8221; button_bg_color=&#8221;#85c270&#8243; button_border_width=&#8221;0px&#8221; button_border_color=&#8221;#405ce6&#8243; button_border_radius=&#8221;49px&#8221; button_font=&#8221;Montserrat|500||on|||||&#8221; button_use_icon=&#8221;off&#8221; background_layout=&#8221;dark&#8221; custom_margin=&#8221;100px|||&#8221; custom_padding=&#8221;20px|45px|20px|45px&#8221; animation_style=&#8221;fade&#8221; global_colors_info=&#8221;{}&#8221; button_text_size__hover_enabled=&#8221;off&#8221; button_one_text_size__hover_enabled=&#8221;off&#8221; button_two_text_size__hover_enabled=&#8221;off&#8221; button_text_color__hover_enabled=&#8221;off&#8221; button_one_text_color__hover_enabled=&#8221;off&#8221; button_two_text_color__hover_enabled=&#8221;off&#8221; button_border_width__hover_enabled=&#8221;off&#8221; button_one_border_width__hover_enabled=&#8221;off&#8221; button_two_border_width__hover_enabled=&#8221;off&#8221; button_border_color__hover_enabled=&#8221;off&#8221; button_one_border_color__hover_enabled=&#8221;off&#8221; button_two_border_color__hover_enabled=&#8221;off&#8221; button_border_radius__hover_enabled=&#8221;off&#8221; button_one_border_radius__hover_enabled=&#8221;off&#8221; button_two_border_radius__hover_enabled=&#8221;off&#8221; button_letter_spacing__hover_enabled=&#8221;off&#8221; button_one_letter_spacing__hover_enabled=&#8221;off&#8221; button_two_letter_spacing__hover_enabled=&#8221;off&#8221; button_bg_color__hover_enabled=&#8221;off&#8221; button_one_bg_color__hover_enabled=&#8221;off&#8221; button_two_bg_color__hover_enabled=&#8221;off&#8221;][\/et_pb_button][\/et_pb_column][et_pb_column type=&#8221;1_4&#8243; _builder_version=&#8221;3.25&#8243; custom_padding=&#8221;|||&#8221; global_colors_info=&#8221;{}&#8221; custom_padding__hover=&#8221;|||&#8221;][\/et_pb_column][\/et_pb_row][\/et_pb_section][et_pb_section fb_built=&#8221;1&#8243; admin_label=&#8221;section&#8221; module_id=&#8221;precios&#8221; _builder_version=&#8221;3.22&#8243; custom_padding=&#8221;54px|0px|0px|0px&#8221; transparent_background=&#8221;off&#8221; global_colors_info=&#8221;{}&#8221;][et_pb_row admin_label=&#8221;row&#8221; _builder_version=&#8221;3.25&#8243; background_size=&#8221;initial&#8221; background_position=&#8221;top_left&#8221; background_repeat=&#8221;repeat&#8221; global_colors_info=&#8221;{}&#8221;][et_pb_column type=&#8221;4_4&#8243; _builder_version=&#8221;3.25&#8243; custom_padding=&#8221;|||&#8221; global_colors_info=&#8221;{}&#8221; custom_padding__hover=&#8221;|||&#8221;][et_pb_blurb title=&#8221;Modalities&#8221; use_icon=&#8221;on&#8221; font_icon=&#8221;&#xe018;||divi||400&#8243; icon_color=&#8221;#0c71c3&#8243; icon_placement=&#8221;left&#8221; admin_label=&#8221;Modalities&#8221; _builder_version=&#8221;4.13.0&#8243; header_font=&#8221;||||&#8221; header_text_color=&#8221;#0c71c3&#8243; header_font_size=&#8221;29px&#8221; background_size=&#8221;initial&#8221; background_position=&#8221;top_left&#8221; background_repeat=&#8221;repeat&#8221; text_orientation=&#8221;center&#8221; animation=&#8221;left&#8221; use_border_color=&#8221;off&#8221; border_color=&#8221;#ffffff&#8221; border_width=&#8221;1px&#8221; border_style=&#8221;solid&#8221; global_colors_info=&#8221;{}&#8221;]<\/p>\n<h3 style=\"text-align: center;\"><strong>We keep the prices of the soccer course !!<\/strong><\/h3>\n<p>[\/et_pb_blurb][\/et_pb_column][\/et_pb_row][\/et_pb_section][et_pb_section fb_built=&#8221;1&#8243; admin_label=&#8221;section&#8221; _builder_version=&#8221;3.22&#8243; custom_padding=&#8221;0px|0px|0px|0px&#8221; transparent_background=&#8221;off&#8221; global_colors_info=&#8221;{}&#8221;][et_pb_row admin_label=&#8221;row&#8221; _builder_version=&#8221;4.14.2&#8243; background_size=&#8221;initial&#8221; background_position=&#8221;top_left&#8221; background_repeat=&#8221;repeat&#8221; custom_padding=&#8221;25px|0px|27px|0px&#8221; global_colors_info=&#8221;{}&#8221;][et_pb_column type=&#8221;4_4&#8243; _builder_version=&#8221;4.14.2&#8243; custom_padding=&#8221;|||&#8221; global_colors_info=&#8221;{}&#8221; custom_padding__hover=&#8221;|||&#8221;][et_pb_pricing_tables _builder_version=&#8221;4.14.2&#8243; custom_button=&#8221;on&#8221; button_text_color=&#8221;rgba(0,0,0,0.69)&#8221; link_option_url_new_window=&#8221;on&#8221; use_border_color=&#8221;off&#8221; border_color=&#8221;#ffffff&#8221; border_style=&#8221;solid&#8221; button_letter_spacing_hover=&#8221;0&#8243; remove_featured_drop_shadow=&#8221;off&#8221; global_colors_info=&#8221;{}&#8221; button_text_size__hover_enabled=&#8221;off&#8221; button_one_text_size__hover_enabled=&#8221;off&#8221; button_two_text_size__hover_enabled=&#8221;off&#8221; button_text_color__hover_enabled=&#8221;off&#8221; button_one_text_color__hover_enabled=&#8221;off&#8221; button_two_text_color__hover_enabled=&#8221;off&#8221; button_border_width__hover_enabled=&#8221;off&#8221; button_one_border_width__hover_enabled=&#8221;off&#8221; button_two_border_width__hover_enabled=&#8221;off&#8221; button_border_color__hover_enabled=&#8221;off&#8221; button_one_border_color__hover_enabled=&#8221;off&#8221; button_two_border_color__hover_enabled=&#8221;off&#8221; button_border_radius__hover_enabled=&#8221;off&#8221; button_one_border_radius__hover_enabled=&#8221;off&#8221; button_two_border_radius__hover_enabled=&#8221;off&#8221; button_letter_spacing__hover_enabled=&#8221;on&#8221; button_letter_spacing__hover=&#8221;0&#8243; button_one_letter_spacing__hover_enabled=&#8221;off&#8221; button_two_letter_spacing__hover_enabled=&#8221;off&#8221; button_bg_color__hover_enabled=&#8221;off&#8221; button_one_bg_color__hover_enabled=&#8221;off&#8221; button_two_bg_color__hover_enabled=&#8221;off&#8221;][et_pb_pricing_table title=&#8221;Only football&#8221; subtitle=&#8221;Weekly&#8221; currency=&#8221;\u20ac&#8221; per=&#8221;per week&#8221; sum=&#8221;240&#8243; button_url=&#8221;https:\/\/www.futbolmarbella.com\/en\/registration\/&#8221; url_new_window=&#8221;on&#8221; button_text=&#8221;Registrations&#8221; _builder_version=&#8221;4.14.2&#8243; header_font=&#8221;|||on|&#8221; header_text_color=&#8221;#0c71c3&#8243; subheader_text_color=&#8221;#ffffff&#8221; subheader_font_size=&#8221;20px&#8221; link_option_url_new_window=&#8221;on&#8221; global_colors_info=&#8221;{}&#8221; button_text_size__hover_enabled=&#8221;off&#8221; button_one_text_size__hover_enabled=&#8221;off&#8221; button_two_text_size__hover_enabled=&#8221;off&#8221; button_text_color__hover_enabled=&#8221;off&#8221; button_one_text_color__hover_enabled=&#8221;off&#8221; button_two_text_color__hover_enabled=&#8221;off&#8221; button_border_width__hover_enabled=&#8221;off&#8221; button_one_border_width__hover_enabled=&#8221;off&#8221; button_two_border_width__hover_enabled=&#8221;off&#8221; button_border_color__hover_enabled=&#8221;off&#8221; button_one_border_color__hover_enabled=&#8221;off&#8221; button_two_border_color__hover_enabled=&#8221;off&#8221; button_border_radius__hover_enabled=&#8221;off&#8221; button_one_border_radius__hover_enabled=&#8221;off&#8221; button_two_border_radius__hover_enabled=&#8221;off&#8221; button_letter_spacing__hover_enabled=&#8221;off&#8221; button_one_letter_spacing__hover_enabled=&#8221;off&#8221; button_two_letter_spacing__hover_enabled=&#8221;off&#8221; button_bg_color__hover_enabled=&#8221;off&#8221; button_one_bg_color__hover_enabled=&#8221;off&#8221; button_two_bg_color__hover_enabled=&#8221;off&#8221; sticky_transition=&#8221;on&#8221;]<\/p>\n<p><strong>Choice of week 1 or week 2. <\/strong><\/p>\n<p><strong>From 10:30 a.m. to 1:30 p.m. <\/strong><\/p>\n<p><strong>Free bus. <\/strong><\/p>\n<p><strong>Small groups from 5 to 17 years old. <\/strong><\/p>\n<p><strong>Full equipment. <\/strong><\/p>\n<p><strong>Breakfast and moisturizing drinks.<\/strong><\/p>\n<p>[\/et_pb_pricing_table][et_pb_pricing_table featured=&#8221;on&#8221; title=&#8221;Only football&#8221; subtitle=&#8221;Full&#8221; currency=&#8221;\u20ac&#8221; per=&#8221;2 weeks&#8221; sum=&#8221;440&#8243; button_url=&#8221;https:\/\/www.futbolmarbella.com\/en\/registration\/&#8221; url_new_window=&#8221;on&#8221; button_text=&#8221;Registrations&#8221; _builder_version=&#8221;4.14.2&#8243; header_font=&#8221;|||on|&#8221; header_text_color=&#8221;#0c71c3&#8243; subheader_text_color=&#8221;#ffffff&#8221; subheader_font_size=&#8221;20px&#8221; link_option_url_new_window=&#8221;on&#8221; global_colors_info=&#8221;{}&#8221; button_text_size__hover_enabled=&#8221;off&#8221; button_one_text_size__hover_enabled=&#8221;off&#8221; button_two_text_size__hover_enabled=&#8221;off&#8221; button_text_color__hover_enabled=&#8221;off&#8221; button_one_text_color__hover_enabled=&#8221;off&#8221; button_two_text_color__hover_enabled=&#8221;off&#8221; button_border_width__hover_enabled=&#8221;off&#8221; button_one_border_width__hover_enabled=&#8221;off&#8221; button_two_border_width__hover_enabled=&#8221;off&#8221; button_border_color__hover_enabled=&#8221;off&#8221; button_one_border_color__hover_enabled=&#8221;off&#8221; button_two_border_color__hover_enabled=&#8221;off&#8221; button_border_radius__hover_enabled=&#8221;off&#8221; button_one_border_radius__hover_enabled=&#8221;off&#8221; button_two_border_radius__hover_enabled=&#8221;off&#8221; button_letter_spacing__hover_enabled=&#8221;off&#8221; button_one_letter_spacing__hover_enabled=&#8221;off&#8221; button_two_letter_spacing__hover_enabled=&#8221;off&#8221; button_bg_color__hover_enabled=&#8221;off&#8221; button_one_bg_color__hover_enabled=&#8221;off&#8221; button_two_bg_color__hover_enabled=&#8221;off&#8221; sticky_transition=&#8221;on&#8221;]<\/p>\n<p><strong>From 10:30 a.m. to 1:30 p.m.<\/strong><\/p>\n<p><strong>Free bus<\/strong><\/p>\n<p><strong>Small groups of 5 to 17 years old.<\/strong><\/p>\n<p><strong>Complete equipment.<\/strong><\/p>\n<p><strong>Breakfast and moisturizing drinks.<\/strong><\/p>\n<p>[\/et_pb_pricing_table][\/et_pb_pricing_tables][\/et_pb_column][\/et_pb_row][\/et_pb_section][et_pb_section fb_built=&#8221;1&#8243; admin_label=&#8221;section&#8221; _builder_version=&#8221;3.22&#8243; custom_padding=&#8221;1px|0px|2px|0px&#8221; transparent_background=&#8221;off&#8221; global_colors_info=&#8221;{}&#8221;][et_pb_row admin_label=&#8221;row&#8221; _builder_version=&#8221;3.25&#8243; background_size=&#8221;initial&#8221; background_position=&#8221;top_left&#8221; background_repeat=&#8221;repeat&#8221; global_colors_info=&#8221;{}&#8221;][et_pb_column type=&#8221;4_4&#8243; _builder_version=&#8221;3.25&#8243; custom_padding=&#8221;|||&#8221; global_colors_info=&#8221;{}&#8221; custom_padding__hover=&#8221;|||&#8221;][et_pb_blurb title=&#8221;Dates&#8221; use_icon=&#8221;on&#8221; font_icon=&#8221;&#xe023;||divi||400&#8243; icon_color=&#8221;#0c71c3&#8243; icon_placement=&#8221;left&#8221; admin_label=&#8221;Modalidades&#8221; _builder_version=&#8221;4.14.2&#8243; header_font=&#8221;||||&#8221; header_text_color=&#8221;#0c71c3&#8243; header_font_size=&#8221;29px&#8221; background_size=&#8221;initial&#8221; background_position=&#8221;top_left&#8221; background_repeat=&#8221;repeat&#8221; text_orientation=&#8221;center&#8221; animation=&#8221;left&#8221; hover_enabled=&#8221;0&#8243; use_border_color=&#8221;off&#8221; border_color=&#8221;#ffffff&#8221; border_width=&#8221;1px&#8221; border_style=&#8221;solid&#8221; global_colors_info=&#8221;{}&#8221; sticky_enabled=&#8221;0&#8243;]<\/p>\n<h4 class=\"p1\"><b>1st Week: from Jun 29 to July 3, 2026<\/b><\/h4>\n<h4 class=\"p1\"><b>2nd Week: from July 6 to July 10, 2026<\/b><\/h4>\n<h4 class=\"p1\"><strong>BIG FINAL PARTY<br \/><\/strong><\/h4>\n<p>[\/et_pb_blurb][\/et_pb_column][\/et_pb_row][\/et_pb_section][et_pb_section fb_built=&#8221;1&#8243; admin_label=&#8221;section&#8221; _builder_version=&#8221;3.22&#8243; custom_padding=&#8221;0px|0px|0px|0px&#8221; transparent_background=&#8221;off&#8221; global_colors_info=&#8221;{}&#8221;][et_pb_row admin_label=&#8221;row&#8221; _builder_version=&#8221;3.25&#8243; background_size=&#8221;initial&#8221; background_position=&#8221;top_left&#8221; background_repeat=&#8221;repeat&#8221; global_colors_info=&#8221;{}&#8221;][et_pb_column type=&#8221;4_4&#8243; _builder_version=&#8221;3.25&#8243; custom_padding=&#8221;|||&#8221; global_colors_info=&#8221;{}&#8221; custom_padding__hover=&#8221;|||&#8221;][et_pb_blurb title=&#8221;Facilities&#8221; use_icon=&#8221;on&#8221; font_icon=&#8221;&#xe01d;||divi||400&#8243; icon_color=&#8221;#0c71c3&#8243; icon_placement=&#8221;left&#8221; admin_label=&#8221;Facilities&#8221; _builder_version=&#8221;4.13.0&#8243; header_font=&#8221;||||&#8221; header_text_color=&#8221;#0c71c3&#8243; header_font_size=&#8221;29px&#8221; background_size=&#8221;initial&#8221; background_position=&#8221;top_left&#8221; background_repeat=&#8221;repeat&#8221; text_orientation=&#8221;center&#8221; custom_margin=&#8221;|0px||0px&#8221; animation=&#8221;left&#8221; z_index_tablet=&#8221;500&#8243; use_border_color=&#8221;off&#8221; border_color=&#8221;#ffffff&#8221; border_width=&#8221;1px&#8221; border_style=&#8221;solid&#8221; global_colors_info=&#8221;{}&#8221;]<\/p>\n<h5><strong>Spectacular training facilities !!<\/strong><\/h5>\n<p>[\/et_pb_blurb][\/et_pb_column][\/et_pb_row][et_pb_row column_structure=&#8221;1_3,1_3,1_3&#8243; use_custom_gutter=&#8221;on&#8221; gutter_width=&#8221;2&#8243; module_class=&#8221; et_pb_row_fullwidth&#8221; _builder_version=&#8221;3.25&#8243; background_size=&#8221;initial&#8221; background_position=&#8221;top_left&#8221; background_repeat=&#8221;repeat&#8221; width=&#8221;94%&#8221; width_tablet=&#8221;80%&#8221; width_phone=&#8221;&#8221; width_last_edited=&#8221;on|desktop&#8221; max_width=&#8221;94%&#8221; max_width_tablet=&#8221;80%&#8221; max_width_phone=&#8221;&#8221; max_width_last_edited=&#8221;on|desktop&#8221; custom_margin=&#8221;|||&#8221; custom_padding=&#8221;|||&#8221; make_fullwidth=&#8221;on&#8221; global_colors_info=&#8221;{}&#8221;][et_pb_column type=&#8221;1_3&#8243; _builder_version=&#8221;3.25&#8243; custom_padding=&#8221;|||&#8221; global_colors_info=&#8221;{}&#8221; custom_padding__hover=&#8221;|||&#8221;][et_pb_image src=&#8221;https:\/\/www.futbolmarbella.com\/wp-content\/uploads\/Screenshot-2023-03-10-at-08.15.47.png&#8221; title_text=&#8221;campos puente de hierro&#8221; align_tablet=&#8221;center&#8221; align_phone=&#8221;&#8221; align_last_edited=&#8221;on|desktop&#8221; _builder_version=&#8221;4.14.2&#8243; animation_style=&#8221;slide&#8221; animation_direction=&#8221;left&#8221; animation_duration=&#8221;500ms&#8221; animation_intensity_slide=&#8221;10%&#8221; z_index_tablet=&#8221;500&#8243; use_border_color=&#8221;off&#8221; border_color=&#8221;#ffffff&#8221; border_width=&#8221;1px&#8221; border_style=&#8221;solid&#8221; sticky=&#8221;off&#8221; global_colors_info=&#8221;{}&#8221;][\/et_pb_image][\/et_pb_column][et_pb_column type=&#8221;1_3&#8243; _builder_version=&#8221;3.25&#8243; custom_padding=&#8221;|||&#8221; global_colors_info=&#8221;{}&#8221; custom_padding__hover=&#8221;|||&#8221;][et_pb_image src=&#8221;https:\/\/www.futbolmarbella.com\/wp-content\/uploads\/f43313e0-4bd3-47a4-b529-651af4fd7b56.jpg&#8221; title_text=&#8221;f43313e0-4bd3-47a4-b529-651af4fd7b56&#8243; align_tablet=&#8221;center&#8221; align_phone=&#8221;&#8221; align_last_edited=&#8221;on|desktop&#8221; _builder_version=&#8221;4.14.2&#8243; animation_style=&#8221;slide&#8221; animation_direction=&#8221;left&#8221; animation_duration=&#8221;500ms&#8221; animation_intensity_slide=&#8221;10%&#8221; use_border_color=&#8221;off&#8221; border_color=&#8221;#ffffff&#8221; border_width=&#8221;1px&#8221; border_style=&#8221;solid&#8221; sticky=&#8221;off&#8221; global_colors_info=&#8221;{}&#8221;][\/et_pb_image][\/et_pb_column][et_pb_column type=&#8221;1_3&#8243; _builder_version=&#8221;3.25&#8243; custom_padding=&#8221;|||&#8221; global_colors_info=&#8221;{}&#8221; custom_padding__hover=&#8221;|||&#8221;][et_pb_image src=&#8221;https:\/\/www.futbolmarbella.com\/wp-content\/uploads\/Puente-de-hierro-2.jpeg&#8221; title_text=&#8221;Puente-de-hierro-2&#8243; align_tablet=&#8221;center&#8221; align_phone=&#8221;&#8221; align_last_edited=&#8221;on|desktop&#8221; _builder_version=&#8221;4.14.2&#8243; animation_style=&#8221;slide&#8221; animation_direction=&#8221;left&#8221; animation_duration=&#8221;500ms&#8221; animation_intensity_slide=&#8221;10%&#8221; z_index_tablet=&#8221;500&#8243; use_border_color=&#8221;off&#8221; border_color=&#8221;#ffffff&#8221; border_width=&#8221;1px&#8221; border_style=&#8221;solid&#8221; sticky=&#8221;off&#8221; global_colors_info=&#8221;{}&#8221;][\/et_pb_image][\/et_pb_column][\/et_pb_row][\/et_pb_section][et_pb_section fb_built=&#8221;1&#8243; _builder_version=&#8221;3.22&#8243; global_colors_info=&#8221;{}&#8221;][et_pb_row column_structure=&#8221;1_3,1_3,1_3&#8243; _builder_version=&#8221;3.25&#8243; global_colors_info=&#8221;{}&#8221;][et_pb_column type=&#8221;1_3&#8243; _builder_version=&#8221;3.25&#8243; custom_padding=&#8221;|||&#8221; global_colors_info=&#8221;{}&#8221; custom_padding__hover=&#8221;|||&#8221;][et_pb_blurb title=&#8221;Discount&#8221; use_icon=&#8221;on&#8221; font_icon=&#8221;&#xe0fb;||divi||400&#8243; icon_color=&#8221;#0c71c3&#8243; icon_placement=&#8221;left&#8221; admin_label=&#8221;Discounts&#8221; _builder_version=&#8221;4.13.0&#8243; header_text_color=&#8221;#0c71c3&#8243; header_font_size=&#8221;29px&#8221; background_size=&#8221;initial&#8221; background_position=&#8221;top_left&#8221; background_repeat=&#8221;repeat&#8221; text_orientation=&#8221;center&#8221; animation=&#8221;left&#8221; use_border_color=&#8221;off&#8221; border_color=&#8221;#ffffff&#8221; border_width=&#8221;1px&#8221; border_style=&#8221;solid&#8221; global_colors_info=&#8221;{}&#8221;][\/et_pb_blurb][et_pb_image src=&#8221;https:\/\/www.futbolmarbella.com\/wp-content\/uploads\/CAIXA-3.png&#8221; align_tablet=&#8221;center&#8221; align_phone=&#8221;&#8221; align_last_edited=&#8221;on|desktop&#8221; _builder_version=&#8221;4.3.2&#8243; animation_style=&#8221;slide&#8221; animation_direction=&#8221;left&#8221; animation_duration=&#8221;500ms&#8221; animation_intensity_slide=&#8221;10%&#8221; use_border_color=&#8221;off&#8221; border_color=&#8221;#ffffff&#8221; border_width=&#8221;1px&#8221; border_style=&#8221;solid&#8221; sticky=&#8221;off&#8221; global_colors_info=&#8221;{}&#8221;][\/et_pb_image][et_pb_text _builder_version=&#8221;4.14.2&#8243; background_size=&#8221;initial&#8221; background_position=&#8221;top_left&#8221; background_repeat=&#8221;repeat&#8221; z_index_tablet=&#8221;500&#8243; use_border_color=&#8221;off&#8221; border_style=&#8221;solid&#8221; global_colors_info=&#8221;{}&#8221;]<\/p>\n<h3>We reward your fidelity.<\/h3>\n<h4>Only for having participated in a previous complete edition &#8230;<\/h4>\n<h2><strong>30 \u20ac DISCOUNT<\/strong><\/h2>\n<h4>Only for full course. Not combinable with other offers.<\/h4>\n<p>[\/et_pb_text][\/et_pb_column][et_pb_column type=&#8221;1_3&#8243; _builder_version=&#8221;3.25&#8243; custom_padding=&#8221;|||&#8221; global_colors_info=&#8221;{}&#8221; custom_padding__hover=&#8221;|||&#8221;][et_pb_blurb title=&#8221;Bus&#8221; use_icon=&#8221;on&#8221; font_icon=&#8221;&#xe0ef;||divi||400&#8243; icon_color=&#8221;#0c71c3&#8243; icon_placement=&#8221;left&#8221; admin_label=&#8221;Bus&#8221; _builder_version=&#8221;4.13.0&#8243; header_text_color=&#8221;#0c71c3&#8243; header_font_size=&#8221;29px&#8221; background_size=&#8221;initial&#8221; background_position=&#8221;top_left&#8221; background_repeat=&#8221;repeat&#8221; text_orientation=&#8221;center&#8221; animation=&#8221;left&#8221; use_border_color=&#8221;off&#8221; border_color=&#8221;#ffffff&#8221; border_width=&#8221;1px&#8221; border_style=&#8221;solid&#8221; global_colors_info=&#8221;{}&#8221;][\/et_pb_blurb][et_pb_image src=&#8221;https:\/\/www.futbolmarbella.com\/wp-content\/uploads\/bus.jpg&#8221; align_tablet=&#8221;center&#8221; align_phone=&#8221;&#8221; align_last_edited=&#8221;on|desktop&#8221; _builder_version=&#8221;3.23&#8243; animation_style=&#8221;slide&#8221; animation_direction=&#8221;left&#8221; animation_duration=&#8221;500ms&#8221; animation_intensity_slide=&#8221;10%&#8221; use_border_color=&#8221;off&#8221; border_color=&#8221;#ffffff&#8221; border_width=&#8221;1px&#8221; border_style=&#8221;solid&#8221; sticky=&#8221;off&#8221; global_colors_info=&#8221;{}&#8221;][\/et_pb_image][et_pb_text _builder_version=&#8221;4.14.2&#8243; background_size=&#8221;initial&#8221; background_position=&#8221;top_left&#8221; background_repeat=&#8221;repeat&#8221; use_border_color=&#8221;off&#8221; border_style=&#8221;solid&#8221; global_colors_info=&#8221;{}&#8221;]<\/p>\n<h3>Free Bus<\/h3>\n<p><strong>From M\u00e1laga<br \/><\/strong><\/p>\n<p>Benalm\u00e1dena &gt; Fuengirola &gt; Cala de Mijas &gt; Marbella &gt; Estepona<\/p>\n<p style=\"text-align: justify;\"><strong>From Algeciras<\/strong><\/p>\n<p>Algeciras &gt; La Linea &gt; San Roque &gt; Sotogrande<\/p>\n<p>&nbsp;<\/p>\n<p style=\"text-align: justify;\">[\/et_pb_text][\/et_pb_column][et_pb_column type=&#8221;1_3&#8243; _builder_version=&#8221;3.25&#8243; custom_padding=&#8221;|||&#8221; global_colors_info=&#8221;{}&#8221; custom_padding__hover=&#8221;|||&#8221;][et_pb_blurb title=&#8221;Meeting with parents&#8221; use_icon=&#8221;on&#8221; font_icon=&#8221;&#xe08b;||divi||400&#8243; icon_color=&#8221;#0c71c3&#8243; icon_placement=&#8221;left&#8221; admin_label=&#8221;Reuni\u00f3n informativa&#8221; _builder_version=&#8221;4.13.0&#8243; header_text_color=&#8221;#0c71c3&#8243; header_font_size=&#8221;29px&#8221; background_size=&#8221;initial&#8221; background_position=&#8221;top_left&#8221; background_repeat=&#8221;repeat&#8221; text_orientation=&#8221;center&#8221; animation=&#8221;left&#8221; use_border_color=&#8221;off&#8221; border_color=&#8221;#ffffff&#8221; border_width=&#8221;1px&#8221; border_style=&#8221;solid&#8221; global_colors_info=&#8221;{}&#8221;][\/et_pb_blurb][et_pb_image src=&#8221;https:\/\/www.futbolmarbella.com\/wp-content\/uploads\/Campus-11-2014-058.jpg&#8221; align_tablet=&#8221;center&#8221; align_phone=&#8221;&#8221; align_last_edited=&#8221;on|desktop&#8221; _builder_version=&#8221;3.23&#8243; animation_style=&#8221;slide&#8221; animation_direction=&#8221;left&#8221; animation_duration=&#8221;500ms&#8221; animation_intensity_slide=&#8221;10%&#8221; use_border_color=&#8221;off&#8221; border_color=&#8221;#ffffff&#8221; border_width=&#8221;1px&#8221; border_style=&#8221;solid&#8221; sticky=&#8221;off&#8221; global_colors_info=&#8221;{}&#8221;][\/et_pb_image][et_pb_text _builder_version=&#8221;4.14.2&#8243; background_size=&#8221;initial&#8221; background_position=&#8221;top_left&#8221; background_repeat=&#8221;repeat&#8221; hover_enabled=&#8221;0&#8243; use_border_color=&#8221;off&#8221; border_style=&#8221;solid&#8221; global_colors_info=&#8221;{}&#8221; sticky_enabled=&#8221;0&#8243;]<\/p>\n<h2>Informative meeting with parents Friday, June 26, 8:00 p.m.<\/h2>\n<p>Delivery of material: Friday, June 26 from 7:00 p.m.<\/p>\n<p>Facilities: Puente de Hierro Sotogrande Polo Club<\/p>\n<p>[\/et_pb_text][\/et_pb_column][\/et_pb_row][\/et_pb_section][et_pb_section fb_built=&#8221;1&#8243; admin_label=&#8221;Directores&#8221; module_id=&#8221;directores&#8221; _builder_version=&#8221;3.22&#8243; global_colors_info=&#8221;{}&#8221;][et_pb_row _builder_version=&#8221;3.25&#8243; global_colors_info=&#8221;{}&#8221;][et_pb_column type=&#8221;4_4&#8243; _builder_version=&#8221;3.25&#8243; custom_padding=&#8221;|||&#8221; global_colors_info=&#8221;{}&#8221; custom_padding__hover=&#8221;|||&#8221;][et_pb_text _builder_version=&#8221;3.27.4&#8243; global_colors_info=&#8221;{}&#8221;]<\/p>\n<h2 style=\"text-align: center;\">Campus Directors<\/h2>\n<p>[\/et_pb_text][\/et_pb_column][\/et_pb_row][et_pb_row column_structure=&#8221;1_2,1_2&#8243; _builder_version=&#8221;3.25&#8243; global_colors_info=&#8221;{}&#8221;][et_pb_column type=&#8221;1_2&#8243; _builder_version=&#8221;3.25&#8243; custom_padding=&#8221;|||&#8221; global_colors_info=&#8221;{}&#8221; custom_padding__hover=&#8221;|||&#8221;][et_pb_team_member image_url=&#8221;https:\/\/www.futbolmarbella.com\/wp-content\/uploads\/Adolfo_Aldana.png&#8221; module_id=&#8221;aldana&#8221; _builder_version=&#8221;3.19.12&#8243; global_colors_info=&#8221;{}&#8221;][\/et_pb_team_member][et_pb_toggle title=&#8221;ADOLFO ALDANA&#8221; _builder_version=&#8221;3.19.12&#8243; global_colors_info=&#8221;{}&#8221;]Adolfo Aldana Torres, national soccer coach, graduated in Physical Education, high school teacher and with a long experience in professional football.<\/p>\n<p>In his curriculum appear the names of some of the largest clubs in the continent, where Real Madrid stands out (three leagues, a Copa del Rey and a Supercopa).<\/p>\n<p>Highlight its passage through Deportivo de La Coru\u00f1a (a Copa del Rey and Supercopa) and the R.C. Spanish Sports<\/p>\n<p>International with the Spanish national team on 4 occasions.<\/p>\n<p>His connection with the world of sports does not end in this professional trajectory, since he continues his training and thus gets to obtain other degrees:<\/p>\n<p>Regional football coach -level 1:<br \/>\nGalicia; Level 2: Extremadura.<br \/>\nNational football coach -level 3: Andalusia (year 2002).<br \/>\nNational volleyball coach<br \/>\nHandball trainer-monitor<br \/>\nMonographic courses on: badmington, swimming, alternative sports, gymnastics.<\/p>\n<p>It also carries out other types of activities, where the union and close relationship between the world of education and sport are usually present:<\/p>\n<p>Speaker at conferences, round tables and talks on sport (sports initiation, violence in sports, sports and soccer &#8230;) in Summer Courses, in ICD, etc.<br \/>\nDirector of the &#8220;Law and Sport&#8221; Seminar held in the city of Algeciras in May 2005 and May 2006.<br \/>\nLinked for several years to different TV channels and radio stations, regional and national, as a sports commentator.[\/et_pb_toggle][\/et_pb_column][et_pb_column type=&#8221;1_2&#8243; _builder_version=&#8221;3.25&#8243; custom_padding=&#8221;|||&#8221; global_colors_info=&#8221;{}&#8221; custom_padding__hover=&#8221;|||&#8221;][et_pb_team_member image_url=&#8221;https:\/\/www.futbolmarbella.com\/wp-content\/uploads\/Reuf-Dervic.png&#8221; module_id=&#8221;reuf&#8221; _builder_version=&#8221;3.19.12&#8243; global_colors_info=&#8221;{}&#8221;][\/et_pb_team_member][et_pb_toggle title=&#8221;REUF DERVIC&#8221; _builder_version=&#8221;3.19.12&#8243; global_colors_info=&#8221;{}&#8221;]Qualifications and professional data<\/p>\n<p>Bachelor in Physical Education (specialty in soccer and physical preparation). Year: 1996<br \/>\nFootball Coach (National Title of the Croatian Football Federation). Year: 1996<br \/>\nRFEF Football Level 2 title. Year: 2006<\/p>\n<p>Professional experience<\/p>\n<p>1996\/97 season<br \/>\nAfter finishing university studies in 1996, he took the position of assistant coach of NK Lucko (second division). In this season, 96\/97, they remain as champions of the Croatian league. In this season he is responsible for the organization of technical-tactical strategies and physical preparation of the players with methods for the analysis and preparation of the short and long-term objectives.<\/p>\n<p>1997\/99 season<br \/>\nAccepts the offer of the former coach of Spain and Croatia in volleyball, Mr. Pero Bozic, as physical trainer of Ivesur M\u00e1laga (maximum division &#8211; division of honor). Later he works with the coach &#8211; national coach Paco Herv\u00e1s in the last season of Ivesur M\u00e1laga (season 98\/99).<\/p>\n<p>Season 2000\/02<br \/>\nDirector of the Gym Gym Inter where he performs the individual preparation of elite footballers, some of them of the soccer team, M\u00e1laga CF.<\/p>\n<p>Season 2002\/06<br \/>\nThe High Performance Center of elite footballers (Marpafut in Marbella &#8211; M\u00e1laga -) will register you as coach &#8211; director of the Soccer Academy \/ Marbella Para\u00edso CF. It participates as a creator and founder member of the same, in addition to performing other functions and competencies: performs and controls the training, and is responsible for compliance with all the objectives of the technical organization that works in the Academy.<\/p>\n<p>Among the works he carries out, mention:<\/p>\n<p>Planning the objectives by season.<br \/>\nPlanning of training and coordination of them.<br \/>\nWriting reports on sports nutrition.<br \/>\nPlanning the physical preparation of the players.<br \/>\nAnalysis of progress of each player in the technical-tactical aspect and its improvements.<br \/>\nResponsible for analysis of professional clubs of the stature and recognized European and world prestige of: Bayern Munich, Middelsbourg, Cameroon Selection, Dynamo Kiev, Lokomotiv Moscow, Brondby, Shakhtar &#8230;<\/p>\n<p>He gives an answer in his analytical work to: forms of training, comparisons between different models of each country, methodology used by the most important trainers \/ clubs of the continent &#8230;<\/p>\n<p>During the summers, since 2004, together with the former Spanish international player, Mr. D. Adolfo Aldana, he organizes and directs football camps focused on perfecting the technique of boys of all ages. It is one of the most important courses of improvement at national level due to the participation of such important names as: Fabio Capello, Vicente de Bosque, Donato, Fran, Santiago Arag\u00f3n, Julio Llorente, Fernando Sanz &#8230;. The direction and organization of this campus brings a lot of experience not only for the young players but also for the technical team that carries out the teaching, something that is highly valued and recognized by all the boys, fathers and mothers, technicians, collaborating entities and visitors.[\/et_pb_toggle][\/et_pb_column][\/et_pb_row][\/et_pb_section][et_pb_section fb_built=&#8221;1&#8243; admin_label=&#8221;Entrenadores&#8221; module_id=&#8221;entrenadores&#8221; _builder_version=&#8221;3.22&#8243; use_background_color_gradient=&#8221;on&#8221; background_color_gradient_start=&#8221;#ffffff&#8221; background_color_gradient_end=&#8221;rgba(255,255,255,0.9)&#8221; background_color_gradient_overlays_image=&#8221;on&#8221; background_image=&#8221;https:\/\/www.futbolmarbella.com\/wp-content\/uploads\/Campus-Marbella-2017-084.jpg&#8221; z_index_tablet=&#8221;500&#8243; global_module=&#8221;33223&#8243; global_colors_info=&#8221;{}&#8221;][et_pb_row _builder_version=&#8221;3.25&#8243; background_size=&#8221;initial&#8221; background_position=&#8221;top_left&#8221; background_repeat=&#8221;repeat&#8221; global_colors_info=&#8221;{}&#8221;][et_pb_column type=&#8221;4_4&#8243; _builder_version=&#8221;3.25&#8243; custom_padding=&#8221;|||&#8221; global_colors_info=&#8221;{}&#8221; custom_padding__hover=&#8221;|||&#8221;][et_pb_text _builder_version=&#8221;3.27.4&#8243; z_index_tablet=&#8221;500&#8243; global_colors_info=&#8221;{}&#8221;]<\/p>\n<h2 style=\"text-align: center;\"><strong>You will train with professional trainers<\/strong><\/h2>\n<p>[\/et_pb_text][\/et_pb_column][\/et_pb_row][et_pb_row column_structure=&#8221;1_4,1_4,1_4,1_4&#8243; _builder_version=&#8221;3.25&#8243; background_size=&#8221;initial&#8221; background_position=&#8221;top_left&#8221; background_repeat=&#8221;repeat&#8221; global_colors_info=&#8221;{}&#8221;][et_pb_column type=&#8221;1_4&#8243; _builder_version=&#8221;3.25&#8243; custom_padding=&#8221;|||&#8221; global_colors_info=&#8221;{}&#8221; custom_padding__hover=&#8221;|||&#8221;][et_pb_team_member name=&#8221;ADOLFO ALDANA&#8221; position=&#8221;Director&#8221; image_url=&#8221;https:\/\/www.futbolmarbella.com\/wp-content\/uploads\/aldana.png&#8221; _builder_version=&#8221;3.21.1&#8243; header_text_align=&#8221;center&#8221; body_text_align=&#8221;center&#8221; text_orientation=&#8221;center&#8221; max_width_tablet=&#8221;40%&#8221; max_width_phone=&#8221;&#8221; max_width_last_edited=&#8221;on|desktop&#8221; module_alignment=&#8221;center&#8221; z_index_tablet=&#8221;500&#8243; global_colors_info=&#8221;{}&#8221;][\/et_pb_team_member][et_pb_team_member name=&#8221;VILLA&#8221; position=&#8221;Coach&#8221; image_url=&#8221;https:\/\/www.futbolmarbella.com\/wp-content\/uploads\/villa.png&#8221; _builder_version=&#8221;4.14.2&#8243; header_text_align=&#8221;center&#8221; body_text_align=&#8221;center&#8221; text_orientation=&#8221;center&#8221; max_width_tablet=&#8221;40%&#8221; max_width_phone=&#8221;&#8221; max_width_last_edited=&#8221;on|desktop&#8221; module_alignment=&#8221;center&#8221; z_index_tablet=&#8221;500&#8243; global_colors_info=&#8221;{}&#8221;][\/et_pb_team_member][\/et_pb_column][et_pb_column type=&#8221;1_4&#8243; _builder_version=&#8221;3.25&#8243; custom_padding=&#8221;|||&#8221; global_colors_info=&#8221;{}&#8221; custom_padding__hover=&#8221;|||&#8221;][et_pb_team_member name=&#8221;REUF DERVICK&#8221; position=&#8221;Director&#8221; image_url=&#8221;https:\/\/www.futbolmarbella.com\/wp-content\/uploads\/REUF.png&#8221; _builder_version=&#8221;3.21.1&#8243; header_text_align=&#8221;center&#8221; body_text_align=&#8221;center&#8221; text_orientation=&#8221;center&#8221; max_width_tablet=&#8221;40%&#8221; max_width_phone=&#8221;&#8221; max_width_last_edited=&#8221;on|phone&#8221; module_alignment=&#8221;center&#8221; z_index_tablet=&#8221;500&#8243; global_colors_info=&#8221;{}&#8221;][\/et_pb_team_member][et_pb_team_member name=&#8221;JARO&#8221; position=&#8221;Coach&#8221; image_url=&#8221;https:\/\/www.futbolmarbella.com\/wp-content\/uploads\/jaro.png&#8221; _builder_version=&#8221;4.14.2&#8243; header_text_align=&#8221;center&#8221; body_text_align=&#8221;center&#8221; text_orientation=&#8221;center&#8221; max_width_tablet=&#8221;40%&#8221; max_width_phone=&#8221;&#8221; max_width_last_edited=&#8221;on|desktop&#8221; module_alignment=&#8221;center&#8221; z_index_tablet=&#8221;500&#8243; global_colors_info=&#8221;{}&#8221;][\/et_pb_team_member][\/et_pb_column][et_pb_column type=&#8221;1_4&#8243; _builder_version=&#8221;3.25&#8243; custom_padding=&#8221;|||&#8221; global_colors_info=&#8221;{}&#8221; custom_padding__hover=&#8221;|||&#8221;][et_pb_team_member name=&#8221;CATANHA&#8221; position=&#8221;Coach&#8221; image_url=&#8221;https:\/\/www.futbolmarbella.com\/wp-content\/uploads\/CATANHA.png&#8221; _builder_version=&#8221;4.14.2&#8243; header_text_align=&#8221;center&#8221; body_text_align=&#8221;center&#8221; text_orientation=&#8221;center&#8221; max_width_tablet=&#8221;40%&#8221; max_width_phone=&#8221;&#8221; max_width_last_edited=&#8221;on|phone&#8221; module_alignment=&#8221;center&#8221; z_index_tablet=&#8221;500&#8243; global_colors_info=&#8221;{}&#8221;][\/et_pb_team_member][et_pb_team_member name=&#8221;MAN\u00c9&#8221; position=&#8221;Coach&#8221; image_url=&#8221;https:\/\/www.futbolmarbella.com\/wp-content\/uploads\/mane.png&#8221; _builder_version=&#8221;4.14.2&#8243; header_text_align=&#8221;center&#8221; body_text_align=&#8221;center&#8221; text_orientation=&#8221;center&#8221; max_width_tablet=&#8221;40%&#8221; max_width_phone=&#8221;&#8221; max_width_last_edited=&#8221;on|desktop&#8221; module_alignment=&#8221;center&#8221; z_index_tablet=&#8221;500&#8243; global_colors_info=&#8221;{}&#8221;][\/et_pb_team_member][\/et_pb_column][et_pb_column type=&#8221;1_4&#8243; _builder_version=&#8221;3.25&#8243; custom_padding=&#8221;|||&#8221; global_colors_info=&#8221;{}&#8221; custom_padding__hover=&#8221;|||&#8221;][et_pb_team_member name=&#8221;LILLO&#8221; position=&#8221;Coach&#8221; image_url=&#8221;https:\/\/www.futbolmarbella.com\/wp-content\/uploads\/lillo.png&#8221; _builder_version=&#8221;4.14.2&#8243; header_text_align=&#8221;center&#8221; body_text_align=&#8221;center&#8221; text_orientation=&#8221;center&#8221; max_width_tablet=&#8221;40%&#8221; max_width_phone=&#8221;&#8221; max_width_last_edited=&#8221;on|desktop&#8221; module_alignment=&#8221;center&#8221; z_index_tablet=&#8221;500&#8243; global_colors_info=&#8221;{}&#8221;][\/et_pb_team_member][et_pb_team_member name=&#8221;CA\u00d1AS&#8221; position=&#8221;Coach&#8221; image_url=&#8221;https:\/\/www.futbolmarbella.com\/wp-content\/uploads\/canas.png&#8221; _builder_version=&#8221;4.14.2&#8243; header_text_align=&#8221;center&#8221; body_text_align=&#8221;center&#8221; text_orientation=&#8221;center&#8221; max_width_tablet=&#8221;40%&#8221; max_width_phone=&#8221;&#8221; max_width_last_edited=&#8221;on|desktop&#8221; module_alignment=&#8221;center&#8221; z_index_tablet=&#8221;500&#8243; global_colors_info=&#8221;{}&#8221;][\/et_pb_team_member][\/et_pb_column][\/et_pb_row][\/et_pb_section][et_pb_section fb_built=&#8221;1&#8243; admin_label=&#8221;Objetivos&#8221; module_id=&#8221;objetivos&#8221; _builder_version=&#8221;3.22&#8243; use_background_color_gradient=&#8221;on&#8221; background_color_gradient_start=&#8221;#ffffff&#8221; background_color_gradient_end=&#8221;rgba(255,255,255,0.86)&#8221; background_color_gradient_start_position=&#8221;59%&#8221; background_color_gradient_overlays_image=&#8221;on&#8221; background_image=&#8221;https:\/\/www.futbolmarbella.com\/wp-content\/uploads\/Campus-12-2015-0130.jpg&#8221; custom_padding=&#8221;0|0px|52px|0px|false|false&#8221; z_index_tablet=&#8221;500&#8243; global_colors_info=&#8221;{}&#8221;][et_pb_row _builder_version=&#8221;3.25&#8243; custom_padding=&#8221;77px|0px|0|0px|false|false&#8221; global_colors_info=&#8221;{}&#8221;][et_pb_column type=&#8221;4_4&#8243; _builder_version=&#8221;3.25&#8243; custom_padding=&#8221;|||&#8221; global_colors_info=&#8221;{}&#8221; custom_padding__hover=&#8221;|||&#8221;][et_pb_text admin_label=&#8221;Title&#8221; _builder_version=&#8221;3.27.4&#8243; text_font=&#8221;Montserrat|300|||||||&#8221; text_font_size=&#8221;16px&#8221; text_line_height=&#8221;1.8em&#8221; header_2_font=&#8221;Montserrat|500|||||||&#8221; header_2_text_align=&#8221;center&#8221; header_2_font_size=&#8221;30px&#8221; header_2_line_height=&#8221;1.4em&#8221; text_orientation=&#8221;center&#8221; max_width=&#8221;700px&#8221; module_alignment=&#8221;center&#8221; animation_direction=&#8221;right&#8221; z_index_tablet=&#8221;500&#8243; global_colors_info=&#8221;{}&#8221;]<\/p>\n<h1>OUR OBJECTIVES<\/h1>\n<p>The Campus Management has marked a series of following objectives that will accompany us in these days where sport, fun and conviviality will be united for the enjoyment of the children.[\/et_pb_text][\/et_pb_column][\/et_pb_row][et_pb_row column_structure=&#8221;1_4,1_4,1_4,1_4&#8243; _builder_version=&#8221;3.25&#8243; global_colors_info=&#8221;{}&#8221;][et_pb_column type=&#8221;1_4&#8243; _builder_version=&#8221;3.25&#8243; custom_padding=&#8221;|||&#8221; global_colors_info=&#8221;{}&#8221; custom_padding__hover=&#8221;|||&#8221;][et_pb_blurb title=&#8221;TEAMWORK&#8221; image=&#8221;https:\/\/www.futbolmarbella.com\/wp-content\/uploads\/Campus-Marbella-2017-071.jpg&#8221; _builder_version=&#8221;4.13.0&#8243; header_font=&#8221;|600|||||||&#8221; header_text_align=&#8221;center&#8221; body_font=&#8221;||||||||&#8221; border_radii_image=&#8221;on|10px|10px|10px|10px&#8221; global_colors_info=&#8221;{}&#8221;]<\/p>\n<p style=\"text-align: justify;\"><strong>To develop,<\/strong> in the form of games, the coordinative capacities applied to football, based on all the technical elements of this sport.<\/p>\n<p>[\/et_pb_blurb][\/et_pb_column][et_pb_column type=&#8221;1_4&#8243; _builder_version=&#8221;3.25&#8243; custom_padding=&#8221;|||&#8221; global_colors_info=&#8221;{}&#8221; custom_padding__hover=&#8221;|||&#8221;][et_pb_blurb title=&#8221;SPORTSMANSHIP&#8221; image=&#8221;https:\/\/www.futbolmarbella.com\/wp-content\/uploads\/Campus-12-2015-0206.jpg&#8221; _builder_version=&#8221;4.13.0&#8243; header_font=&#8221;|600|||||||&#8221; header_text_align=&#8221;center&#8221; border_radii_image=&#8221;on|10px|10px|10px|10px&#8221; global_colors_info=&#8221;{}&#8221;]<\/p>\n<p style=\"text-align: justify;\">To awaken <strong>interest<\/strong> in the younger ones by other sports and by alternative and adventure activities.<\/p>\n<p>[\/et_pb_blurb][\/et_pb_column][et_pb_column type=&#8221;1_4&#8243; _builder_version=&#8221;3.25&#8243; custom_padding=&#8221;|||&#8221; global_colors_info=&#8221;{}&#8221; custom_padding__hover=&#8221;|||&#8221;][et_pb_blurb title=&#8221;FELLOWSHIP&#8221; image=&#8221;https:\/\/www.futbolmarbella.com\/wp-content\/uploads\/Campus-10-2013-055.jpg&#8221; _builder_version=&#8221;4.13.0&#8243; header_font=&#8221;|600|||||||&#8221; header_text_align=&#8221;center&#8221; border_radii_image=&#8221;on|10px|10px|10px|10px&#8221; global_colors_info=&#8221;{}&#8221;]<\/p>\n<p style=\"text-align: justify;\">Encourage, through daily coexistence, the relationships of friendship and friendship.<\/p>\n<p>[\/et_pb_blurb][\/et_pb_column][et_pb_column type=&#8221;1_4&#8243; _builder_version=&#8221;3.25&#8243; custom_padding=&#8221;|||&#8221; global_colors_info=&#8221;{}&#8221; custom_padding__hover=&#8221;|||&#8221;][et_pb_blurb title=&#8221;AWARENESS&#8221; image=&#8221;https:\/\/www.futbolmarbella.com\/wp-content\/uploads\/Campus-Marbella-2017-039.jpg&#8221; _builder_version=&#8221;4.13.0&#8243; header_font=&#8221;|600|||||||&#8221; header_text_align=&#8221;center&#8221; border_radii_image=&#8221;on|10px|10px|10px|10px&#8221; global_colors_info=&#8221;{}&#8221;]<\/p>\n<p style=\"text-align: justify;\">Create awareness of the importance of conservation and respect for the environment through the activities we will develop for this purpose.<\/p>\n<p>[\/et_pb_blurb][\/et_pb_column][\/et_pb_row][et_pb_row column_structure=&#8221;2_5,3_5&#8243; _builder_version=&#8221;3.25&#8243; global_colors_info=&#8221;{}&#8221;][et_pb_column type=&#8221;2_5&#8243; _builder_version=&#8221;3.25&#8243; custom_padding=&#8221;|||&#8221; global_colors_info=&#8221;{}&#8221; custom_padding__hover=&#8221;|||&#8221;][et_pb_image src=&#8221;https:\/\/www.futbolmarbella.com\/wp-content\/uploads\/2012\/02\/Partido-Malaga-CF-04.jpg&#8221; align_tablet=&#8221;center&#8221; align_phone=&#8221;&#8221; align_last_edited=&#8221;on|desktop&#8221; _builder_version=&#8221;3.23&#8243; border_radii=&#8221;on|10px|10px|10px|10px&#8221; global_colors_info=&#8221;{}&#8221;][\/et_pb_image][\/et_pb_column][et_pb_column type=&#8221;3_5&#8243; _builder_version=&#8221;3.25&#8243; custom_padding=&#8221;|||&#8221; global_colors_info=&#8221;{}&#8221; custom_padding__hover=&#8221;|||&#8221;][et_pb_text _builder_version=&#8221;3.27.4&#8243; global_colors_info=&#8221;{}&#8221;]<\/p>\n<h2><strong>More specific football and in order to perfect our technique:<\/strong><\/h2>\n<p>Correction of the most common individual technical-tactical errors.<br \/>\nDevelop the game vision and motor intelligence, through specific games.<br \/>\nTo obtain, through circuits, the improvement of all the technical and physical foundations.<br \/>\nLearn to play in a team<br \/>\nDevelop specific training for goalkeepers.<br \/>\nKnow and enjoy the presence and teaching of coaches, players and former national and international players.[\/et_pb_text][\/et_pb_column][\/et_pb_row][\/et_pb_section][et_pb_section fb_built=&#8221;1&#8243; admin_label=&#8221;Normas&#8221; module_id=&#8221;normas&#8221; _builder_version=&#8221;3.22&#8243; z_index_tablet=&#8221;500&#8243; global_colors_info=&#8221;{}&#8221;][et_pb_row column_structure=&#8221;2_5,3_5&#8243; _builder_version=&#8221;3.25&#8243; global_colors_info=&#8221;{}&#8221;][et_pb_column type=&#8221;2_5&#8243; _builder_version=&#8221;3.25&#8243; custom_padding=&#8221;|||&#8221; global_colors_info=&#8221;{}&#8221; custom_padding__hover=&#8221;|||&#8221;][et_pb_image src=&#8221;https:\/\/www.futbolmarbella.com\/wp-content\/uploads\/lasnormas.jpg&#8221; align_tablet=&#8221;center&#8221; align_phone=&#8221;&#8221; align_last_edited=&#8221;on|desktop&#8221; _builder_version=&#8221;3.23&#8243; border_radii=&#8221;|10px|10px|10px|10px&#8221; global_colors_info=&#8221;{}&#8221;][\/et_pb_image][et_pb_image src=&#8221;https:\/\/www.futbolmarbella.com\/wp-content\/uploads\/Campus-3-2006-033.jpg&#8221; align_tablet=&#8221;center&#8221; align_phone=&#8221;&#8221; align_last_edited=&#8221;on|desktop&#8221; _builder_version=&#8221;3.23&#8243; border_radii=&#8221;on|10px|10px|10px|10px&#8221; global_colors_info=&#8221;{}&#8221;][\/et_pb_image][\/et_pb_column][et_pb_column type=&#8221;3_5&#8243; _builder_version=&#8221;3.25&#8243; custom_padding=&#8221;|||&#8221; global_colors_info=&#8221;{}&#8221; custom_padding__hover=&#8221;|||&#8221;][et_pb_text _builder_version=&#8221;3.27.4&#8243; text_font=&#8221;||||||||&#8221; text_orientation=&#8221;justified&#8221; global_colors_info=&#8221;{}&#8221;]<\/p>\n<h2><strong>Rules of internal regime<\/strong><\/h2>\n<p>One of the most defined objectives of this campus is coexistence. For it to acquire the values \u200b\u200bthat the Organization wishes to establish, it is necessary to comply with and respect, from the responsibility, each of the following standards:<\/p>\n<p>1.- Respect all the people who participate directly and indirectly in the Organization of this campus.<\/p>\n<p>2.- Respect the schedules of the activities and the planning of said activities.<\/p>\n<p>3.- Do not abandon, under any circumstances, the facilities destined to the development of the activities.<\/p>\n<p>4.- Do not smoke or drink alcohol.<\/p>\n<p>5.- Do not damage the facilities.<\/p>\n<p>6.- Respect all classmates (heavy jokes or continuous discomforts will not be allowed). Fights, intimidation or insults will not be allowed.<\/p>\n<p>7.- They will not take things, without permission, from their classmates, and much less they will get away.<\/p>\n<p>Failure to comply with any of these norms, or other similar ones, will be grounds for reprimand or expulsion.<\/p>\n<p>And, in addition, we advise that:<\/p>\n<p>&#8211; Do not bring valuables (chains, rings, bracelets, &#8230;) that may be lost.<br \/>\n&#8211; Do not bring cash (try to make the pocket money a moderate amount).<\/p>\n<p>Each boy will be assigned a responsible monitor who will keep him informed of all types of incidents.[\/et_pb_text][\/et_pb_column][\/et_pb_row][\/et_pb_section][et_pb_section fb_built=&#8221;1&#8243; admin_label=&#8221;Formulario contacto&#8221; module_id=&#8221;contacto&#8221; _builder_version=&#8221;3.22&#8243; use_background_color_gradient=&#8221;on&#8221; background_color_gradient_start=&#8221;#ffffff&#8221; background_color_gradient_end=&#8221;rgba(255,255,255,0.86)&#8221; background_color_gradient_overlays_image=&#8221;on&#8221; background_image=&#8221;https:\/\/www.futbolmarbella.com\/wp-content\/uploads\/Campus-12-2015-0171.jpg&#8221; transparent_background=&#8221;off&#8221; global_colors_info=&#8221;{}&#8221;][et_pb_row _builder_version=&#8221;3.25&#8243; global_colors_info=&#8221;{}&#8221;][et_pb_column type=&#8221;4_4&#8243; _builder_version=&#8221;3.25&#8243; custom_padding=&#8221;|||&#8221; global_colors_info=&#8221;{}&#8221; custom_padding__hover=&#8221;|||&#8221;][et_pb_text admin_label=&#8221;Subtitle&#8221; _builder_version=&#8221;3.27.4&#8243; text_font=&#8221;Montserrat|500||on|||||&#8221; text_text_color=&#8221;rgba(0,0,0,0.25)&#8221; text_orientation=&#8221;center&#8221; animation_style=&#8221;fade&#8221; global_colors_info=&#8221;{}&#8221;]Contact[\/et_pb_text][et_pb_text admin_label=&#8221;Title&#8221; _builder_version=&#8221;3.27.4&#8243; text_font=&#8221;||||||||&#8221; header_font=&#8221;||||||||&#8221; header_2_font=&#8221;Montserrat|500|||||||&#8221; header_2_text_align=&#8221;center&#8221; header_2_font_size=&#8221;30px&#8221; animation_style=&#8221;fade&#8221; global_colors_info=&#8221;{}&#8221;]<\/p>\n<h2>You have doubts? Write to us &#8230;<\/h2>\n<p>[\/et_pb_text][\/et_pb_column][\/et_pb_row][et_pb_row column_structure=&#8221;2_3,1_3&#8243; admin_label=&#8221;row&#8221; _builder_version=&#8221;3.25&#8243; background_size=&#8221;initial&#8221; background_position=&#8221;top_left&#8221; background_repeat=&#8221;repeat&#8221; z_index_tablet=&#8221;500&#8243; global_colors_info=&#8221;{}&#8221;][et_pb_column type=&#8221;2_3&#8243; _builder_version=&#8221;3.25&#8243; custom_padding=&#8221;|||&#8221; global_colors_info=&#8221;{}&#8221; custom_padding__hover=&#8221;|||&#8221;][et_pb_contact_form submit_button_text=&#8221;Send&#8221; disabled_on=&#8221;on|on|on&#8221; _builder_version=&#8221;4.13.1&#8243; _unique_id=&#8221;070597f8-0602-4588-b234-602d9365e650&#8243; disabled=&#8221;on&#8221; global_colors_info=&#8221;{}&#8221;][et_pb_contact_field field_id=&#8221;Nombre_y_apellidos&#8221; field_title=&#8221;Name and surname&#8221; _builder_version=&#8221;3.19.12&#8243; global_colors_info=&#8221;{}&#8221; button_text_size__hover_enabled=&#8221;off&#8221; button_one_text_size__hover_enabled=&#8221;off&#8221; button_two_text_size__hover_enabled=&#8221;off&#8221; button_text_color__hover_enabled=&#8221;off&#8221; button_one_text_color__hover_enabled=&#8221;off&#8221; button_two_text_color__hover_enabled=&#8221;off&#8221; button_border_width__hover_enabled=&#8221;off&#8221; button_one_border_width__hover_enabled=&#8221;off&#8221; button_two_border_width__hover_enabled=&#8221;off&#8221; button_border_color__hover_enabled=&#8221;off&#8221; button_one_border_color__hover_enabled=&#8221;off&#8221; button_two_border_color__hover_enabled=&#8221;off&#8221; button_border_radius__hover_enabled=&#8221;off&#8221; button_one_border_radius__hover_enabled=&#8221;off&#8221; button_two_border_radius__hover_enabled=&#8221;off&#8221; button_letter_spacing__hover_enabled=&#8221;off&#8221; button_one_letter_spacing__hover_enabled=&#8221;off&#8221; button_two_letter_spacing__hover_enabled=&#8221;off&#8221; button_bg_color__hover_enabled=&#8221;off&#8221; button_one_bg_color__hover_enabled=&#8221;off&#8221; button_two_bg_color__hover_enabled=&#8221;off&#8221;][\/et_pb_contact_field][et_pb_contact_field field_id=&#8221;Email&#8221; field_title=&#8221;Email address&#8221; field_type=&#8221;email&#8221; _builder_version=&#8221;3.19.12&#8243; global_colors_info=&#8221;{}&#8221; button_text_size__hover_enabled=&#8221;off&#8221; button_one_text_size__hover_enabled=&#8221;off&#8221; button_two_text_size__hover_enabled=&#8221;off&#8221; button_text_color__hover_enabled=&#8221;off&#8221; button_one_text_color__hover_enabled=&#8221;off&#8221; button_two_text_color__hover_enabled=&#8221;off&#8221; button_border_width__hover_enabled=&#8221;off&#8221; button_one_border_width__hover_enabled=&#8221;off&#8221; button_two_border_width__hover_enabled=&#8221;off&#8221; button_border_color__hover_enabled=&#8221;off&#8221; button_one_border_color__hover_enabled=&#8221;off&#8221; button_two_border_color__hover_enabled=&#8221;off&#8221; button_border_radius__hover_enabled=&#8221;off&#8221; button_one_border_radius__hover_enabled=&#8221;off&#8221; button_two_border_radius__hover_enabled=&#8221;off&#8221; button_letter_spacing__hover_enabled=&#8221;off&#8221; button_one_letter_spacing__hover_enabled=&#8221;off&#8221; button_two_letter_spacing__hover_enabled=&#8221;off&#8221; button_bg_color__hover_enabled=&#8221;off&#8221; button_one_bg_color__hover_enabled=&#8221;off&#8221; button_two_bg_color__hover_enabled=&#8221;off&#8221;][\/et_pb_contact_field][et_pb_contact_field field_id=&#8221;Message&#8221; field_title=&#8221;Message&#8221; field_type=&#8221;text&#8221; fullwidth_field=&#8221;on&#8221; _builder_version=&#8221;3.19.12&#8243; global_colors_info=&#8221;{}&#8221; button_text_size__hover_enabled=&#8221;off&#8221; button_one_text_size__hover_enabled=&#8221;off&#8221; button_two_text_size__hover_enabled=&#8221;off&#8221; button_text_color__hover_enabled=&#8221;off&#8221; button_one_text_color__hover_enabled=&#8221;off&#8221; button_two_text_color__hover_enabled=&#8221;off&#8221; button_border_width__hover_enabled=&#8221;off&#8221; button_one_border_width__hover_enabled=&#8221;off&#8221; button_two_border_width__hover_enabled=&#8221;off&#8221; button_border_color__hover_enabled=&#8221;off&#8221; button_one_border_color__hover_enabled=&#8221;off&#8221; button_two_border_color__hover_enabled=&#8221;off&#8221; button_border_radius__hover_enabled=&#8221;off&#8221; button_one_border_radius__hover_enabled=&#8221;off&#8221; button_two_border_radius__hover_enabled=&#8221;off&#8221; button_letter_spacing__hover_enabled=&#8221;off&#8221; button_one_letter_spacing__hover_enabled=&#8221;off&#8221; button_two_letter_spacing__hover_enabled=&#8221;off&#8221; button_bg_color__hover_enabled=&#8221;off&#8221; button_one_bg_color__hover_enabled=&#8221;off&#8221; button_two_bg_color__hover_enabled=&#8221;off&#8221;][\/et_pb_contact_field][\/et_pb_contact_form][et_pb_text _builder_version=&#8221;3.27.4&#8243; global_colors_info=&#8221;{}&#8221;]\n<div class=\"wpcf7 no-js\" id=\"wpcf7-f31998-o1\" lang=\"es-ES\" dir=\"ltr\" data-wpcf7-id=\"31998\">\n<div class=\"screen-reader-response\"><p role=\"status\" aria-live=\"polite\" aria-atomic=\"true\"><\/p> <ul><\/ul><\/div>\n<form action=\"\/en\/wp-json\/wp\/v2\/pages\/30166#wpcf7-f31998-o1\" method=\"post\" class=\"wpcf7-form init\" aria-label=\"Formulario de contacto\" novalidate=\"novalidate\" data-status=\"init\">\n<fieldset class=\"hidden-fields-container\"><input type=\"hidden\" name=\"_wpcf7\" value=\"31998\" \/><input type=\"hidden\" name=\"_wpcf7_version\" value=\"6.1.5\" \/><input type=\"hidden\" name=\"_wpcf7_locale\" value=\"es_ES\" \/><input type=\"hidden\" name=\"_wpcf7_unit_tag\" value=\"wpcf7-f31998-o1\" \/><input type=\"hidden\" name=\"_wpcf7_container_post\" value=\"0\" \/><input type=\"hidden\" name=\"_wpcf7_posted_data_hash\" value=\"\" \/>\n<\/fieldset>\n<p><label> Tu nombre (requerido)<br \/>\n<span class=\"wpcf7-form-control-wrap\" data-name=\"your-name\"><input size=\"40\" maxlength=\"400\" class=\"wpcf7-form-control wpcf7-text wpcf7-validates-as-required\" aria-required=\"true\" aria-invalid=\"false\" value=\"\" type=\"text\" name=\"your-name\" \/><\/span> <\/label>\n<\/p>\n<p><label> Tu correo electr\u00f3nico (requerido)<br \/>\n<span class=\"wpcf7-form-control-wrap\" data-name=\"your-email\"><input size=\"40\" maxlength=\"400\" class=\"wpcf7-form-control wpcf7-email wpcf7-validates-as-required wpcf7-text wpcf7-validates-as-email\" aria-required=\"true\" aria-invalid=\"false\" value=\"\" type=\"email\" name=\"your-email\" \/><\/span> <\/label>\n<\/p>\n<p><label> Asunto<br \/>\n<span class=\"wpcf7-form-control-wrap\" data-name=\"your-subject\"><input size=\"40\" maxlength=\"400\" class=\"wpcf7-form-control wpcf7-text\" aria-invalid=\"false\" value=\"\" type=\"text\" name=\"your-subject\" \/><\/span> <\/label>\n<\/p>\n<p><label> Tu mensaje<br \/>\n<span class=\"wpcf7-form-control-wrap\" data-name=\"your-message\"><textarea cols=\"40\" rows=\"10\" maxlength=\"2000\" class=\"wpcf7-form-control wpcf7-textarea\" aria-invalid=\"false\" name=\"your-message\"><\/textarea><\/span> <\/label>\n<\/p>\n<p><input class=\"wpcf7-form-control wpcf7-submit has-spinner\" type=\"submit\" value=\"Enviar\" \/><span class=\"wpcf7-form-control-wrap\" data-name=\"acceptance-181\"><span class=\"wpcf7-form-control wpcf7-acceptance\"><span class=\"wpcf7-list-item\"><label><input type=\"checkbox\" name=\"acceptance-181\" value=\"1\" aria-invalid=\"false\" \/><span class=\"wpcf7-list-item-label\"><b>Acepto la <a href=\"https:\/\/www.futbolmarbella.com\/politica-de-privacidad\/\" target=\"_blank\"> Nueva pol\u00edtica de privacidad<\/b><\/a><\/span><\/label><\/span><\/span><\/span>\n<\/p><div class=\"wpcf7-response-output\" aria-hidden=\"true\"><\/div>\n<\/form>\n<\/div>\n[\/et_pb_text][\/et_pb_column][et_pb_column type=&#8221;1_3&#8243; _builder_version=&#8221;3.25&#8243; custom_padding=&#8221;|||&#8221; global_colors_info=&#8221;{}&#8221; custom_padding__hover=&#8221;|||&#8221;][et_pb_text admin_label=&#8221;Text&#8221; _builder_version=&#8221;4.14.2&#8243; background_size=&#8221;initial&#8221; background_position=&#8221;top_left&#8221; background_repeat=&#8221;repeat&#8221; z_index_tablet=&#8221;500&#8243; use_border_color=&#8221;off&#8221; border_style=&#8221;solid&#8221; global_colors_info=&#8221;{}&#8221;]<\/p>\n<p><strong>Email:<\/strong> campusdefutbolmarbella@gmail.com<\/p>\n<p><strong>Phone:<\/strong><br \/>+34 607 317 802<\/p>\n<p>+34 654 206 015<\/p>\n<p class=\"p1\">+34 636712080<\/p>\n<p>[\/et_pb_text][et_pb_social_media_follow follow_button=&#8221;on&#8221; _builder_version=&#8221;3.21.1&#8243; z_index_tablet=&#8221;500&#8243; link_shape=&#8221;rounded_rectangle&#8221; global_colors_info=&#8221;{}&#8221;][et_pb_social_media_follow_network social_network=&#8221;facebook&#8221; url=&#8221;https:\/\/www.facebook.com\/CampusFutbolMarbellaAldana&#8221; _builder_version=&#8221;3.21.1&#8243; background_color=&#8221;#3b5998&#8243; bg_color=&#8221;#3b5998&#8243; global_colors_info=&#8221;{}&#8221; follow_button=&#8221;on&#8221; url_new_window=&#8221;on&#8221;]<\/p>\n<p>Facebook<\/p>\n<p>[\/et_pb_social_media_follow_network][et_pb_social_media_follow_network social_network=&#8221;instagram&#8221; url=&#8221;https:\/\/www.instagram.com\/campusmarbella\/&#8221; _builder_version=&#8221;3.21.1&#8243; background_color=&#8221;#ea2c59&#8243; global_colors_info=&#8221;{}&#8221; follow_button=&#8221;on&#8221; url_new_window=&#8221;on&#8221;]<\/p>\n<p>Instagram<\/p>\n<p>[\/et_pb_social_media_follow_network][et_pb_social_media_follow_network social_network=&#8221;twitter&#8221; url=&#8221;https:\/\/twitter.com\/CampusMarbella&#8221; _builder_version=&#8221;3.21.1&#8243; background_color=&#8221;#00aced&#8221; bg_color=&#8221;#00aced&#8221; global_colors_info=&#8221;{}&#8221; follow_button=&#8221;on&#8221; url_new_window=&#8221;on&#8221;]<\/p>\n<p>Twitter<\/p>\n<p>[\/et_pb_social_media_follow_network][et_pb_social_media_follow_network social_network=&#8221;vimeo&#8221; url=&#8221;https:\/\/vimeo.com\/futbolmarbella&#8221; _builder_version=&#8221;3.21.1&#8243; background_color=&#8221;#45bbff&#8221; bg_color=&#8221;#45bbff&#8221; global_colors_info=&#8221;{}&#8221; follow_button=&#8221;on&#8221; url_new_window=&#8221;on&#8221;]<\/p>\n<p>Vimeo<\/p>\n<p>[\/et_pb_social_media_follow_network][\/et_pb_social_media_follow][\/et_pb_column][\/et_pb_row][\/et_pb_section]<\/p>\n","protected":false},"excerpt":{"rendered":"<p>Intensive soccer course for 2 weeksDirected by Adolfo Aldana With the best professionals, first level coaches and legends of our league.We keep the prices of the soccer course !!Choice of week 1 or week 2. From 10:30 a.m. to 1:30 p.m. Free bus. Small groups from 5 to 17 years old. Full equipment. Breakfast and [&hellip;]<\/p>\n","protected":false},"author":1,"featured_media":0,"parent":0,"menu_order":0,"comment_status":"closed","ping_status":"closed","template":"","meta":{"_et_pb_use_builder":"on","_et_pb_old_content":"","_et_gb_content_width":"","_monsterinsights_skip_tracking":false,"_monsterinsights_sitenote_active":false,"_monsterinsights_sitenote_note":"","_monsterinsights_sitenote_category":0,"footnotes":""},"class_list":["post-30166","page","type-page","status-publish","hentry"],"yoast_head":"<!-- This site is optimized with the Yoast SEO plugin v27.0 - https:\/\/yoast.com\/product\/yoast-seo-wordpress\/ -->\n<title>The Campus - Campus de Futbol Marbella<\/title>\n<meta name=\"robots\" content=\"index, follow, max-snippet:-1, max-image-preview:large, max-video-preview:-1\" \/>\n<link rel=\"canonical\" href=\"https:\/\/www.futbolmarbella.com\/en\/thecampus\/\" \/>\n<meta property=\"og:locale\" content=\"en_US\" \/>\n<meta property=\"og:type\" content=\"article\" \/>\n<meta property=\"og:title\" content=\"The Campus - Campus de Futbol Marbella\" \/>\n<meta property=\"og:description\" content=\"Intensive soccer course for 2 weeksDirected by Adolfo Aldana With the best professionals, first level coaches and legends of our league.We keep the prices of the soccer course !!Choice of week 1 or week 2. From 10:30 a.m. to 1:30 p.m. Free bus. Small groups from 5 to 17 years old. Full equipment. Breakfast and [&hellip;]\" \/>\n<meta property=\"og:url\" content=\"https:\/\/www.futbolmarbella.com\/en\/thecampus\/\" \/>\n<meta property=\"og:site_name\" content=\"Campus de Futbol Marbella\" \/>\n<meta property=\"article:publisher\" content=\"https:\/\/www.facebook.com\/Campus-de-F%c3%batbol-Marbella-136259636436216\/?fref=ts\" \/>\n<meta property=\"article:modified_time\" content=\"2026-03-01T19:33:15+00:00\" \/>\n<meta name=\"twitter:card\" content=\"summary_large_image\" \/>\n<meta name=\"twitter:site\" content=\"@CampusMarbella\" \/>\n<meta name=\"twitter:label1\" content=\"Est. reading time\" \/>\n\t<meta name=\"twitter:data1\" content=\"11 minutes\" \/>\n<script type=\"application\/ld+json\" class=\"yoast-schema-graph\">{\"@context\":\"https:\/\/schema.org\",\"@graph\":[{\"@type\":\"WebPage\",\"@id\":\"https:\/\/www.futbolmarbella.com\/en\/thecampus\/\",\"url\":\"https:\/\/www.futbolmarbella.com\/en\/thecampus\/\",\"name\":\"The Campus - Campus de Futbol Marbella\",\"isPartOf\":{\"@id\":\"https:\/\/www.futbolmarbella.com\/en\/#website\"},\"datePublished\":\"2017-01-28T15:46:36+00:00\",\"dateModified\":\"2026-03-01T19:33:15+00:00\",\"breadcrumb\":{\"@id\":\"https:\/\/www.futbolmarbella.com\/en\/thecampus\/#breadcrumb\"},\"inLanguage\":\"en-US\",\"potentialAction\":[{\"@type\":\"ReadAction\",\"target\":[\"https:\/\/www.futbolmarbella.com\/en\/thecampus\/\"]}]},{\"@type\":\"BreadcrumbList\",\"@id\":\"https:\/\/www.futbolmarbella.com\/en\/thecampus\/#breadcrumb\",\"itemListElement\":[{\"@type\":\"ListItem\",\"position\":1,\"name\":\"Portada\",\"item\":\"https:\/\/www.futbolmarbella.com\/en\/\"},{\"@type\":\"ListItem\",\"position\":2,\"name\":\"The Campus\"}]},{\"@type\":\"WebSite\",\"@id\":\"https:\/\/www.futbolmarbella.com\/en\/#website\",\"url\":\"https:\/\/www.futbolmarbella.com\/en\/\",\"name\":\"Campus de Futbol Marbella\",\"description\":\"\",\"publisher\":{\"@id\":\"https:\/\/www.futbolmarbella.com\/en\/#organization\"},\"potentialAction\":[{\"@type\":\"SearchAction\",\"target\":{\"@type\":\"EntryPoint\",\"urlTemplate\":\"https:\/\/www.futbolmarbella.com\/en\/?s={search_term_string}\"},\"query-input\":{\"@type\":\"PropertyValueSpecification\",\"valueRequired\":true,\"valueName\":\"search_term_string\"}}],\"inLanguage\":\"en-US\"},{\"@type\":\"Organization\",\"@id\":\"https:\/\/www.futbolmarbella.com\/en\/#organization\",\"name\":\"Campus de Futbol Marbella\",\"url\":\"https:\/\/www.futbolmarbella.com\/en\/\",\"logo\":{\"@type\":\"ImageObject\",\"inLanguage\":\"en-US\",\"@id\":\"https:\/\/www.futbolmarbella.com\/en\/#\/schema\/logo\/image\/\",\"url\":\"https:\/\/www.futbolmarbella.com\/wp-content\/uploads\/2017\/01\/logo_campus-futbol-marbella.png\",\"contentUrl\":\"https:\/\/www.futbolmarbella.com\/wp-content\/uploads\/2017\/01\/logo_campus-futbol-marbella.png\",\"width\":218,\"height\":187,\"caption\":\"Campus de Futbol Marbella\"},\"image\":{\"@id\":\"https:\/\/www.futbolmarbella.com\/en\/#\/schema\/logo\/image\/\"},\"sameAs\":[\"https:\/\/www.facebook.com\/Campus-de-F\u00fatbol-Marbella-136259636436216\/?fref=ts\",\"https:\/\/x.com\/CampusMarbella\",\"https:\/\/www.youtube.com\/user\/futbolmarbella\"]}]}<\/script>\n<!-- \/ Yoast SEO plugin. -->","yoast_head_json":{"title":"The Campus - Campus de Futbol Marbella","robots":{"index":"index","follow":"follow","max-snippet":"max-snippet:-1","max-image-preview":"max-image-preview:large","max-video-preview":"max-video-preview:-1"},"canonical":"https:\/\/www.futbolmarbella.com\/en\/thecampus\/","og_locale":"en_US","og_type":"article","og_title":"The Campus - Campus de Futbol Marbella","og_description":"Intensive soccer course for 2 weeksDirected by Adolfo Aldana With the best professionals, first level coaches and legends of our league.We keep the prices of the soccer course !!Choice of week 1 or week 2. From 10:30 a.m. to 1:30 p.m. Free bus. Small groups from 5 to 17 years old. Full equipment. Breakfast and [&hellip;]","og_url":"https:\/\/www.futbolmarbella.com\/en\/thecampus\/","og_site_name":"Campus de Futbol Marbella","article_publisher":"https:\/\/www.facebook.com\/Campus-de-F%c3%batbol-Marbella-136259636436216\/?fref=ts","article_modified_time":"2026-03-01T19:33:15+00:00","twitter_card":"summary_large_image","twitter_site":"@CampusMarbella","twitter_misc":{"Est. reading time":"11 minutes"},"schema":{"@context":"https:\/\/schema.org","@graph":[{"@type":"WebPage","@id":"https:\/\/www.futbolmarbella.com\/en\/thecampus\/","url":"https:\/\/www.futbolmarbella.com\/en\/thecampus\/","name":"The Campus - Campus de Futbol Marbella","isPartOf":{"@id":"https:\/\/www.futbolmarbella.com\/en\/#website"},"datePublished":"2017-01-28T15:46:36+00:00","dateModified":"2026-03-01T19:33:15+00:00","breadcrumb":{"@id":"https:\/\/www.futbolmarbella.com\/en\/thecampus\/#breadcrumb"},"inLanguage":"en-US","potentialAction":[{"@type":"ReadAction","target":["https:\/\/www.futbolmarbella.com\/en\/thecampus\/"]}]},{"@type":"BreadcrumbList","@id":"https:\/\/www.futbolmarbella.com\/en\/thecampus\/#breadcrumb","itemListElement":[{"@type":"ListItem","position":1,"name":"Portada","item":"https:\/\/www.futbolmarbella.com\/en\/"},{"@type":"ListItem","position":2,"name":"The Campus"}]},{"@type":"WebSite","@id":"https:\/\/www.futbolmarbella.com\/en\/#website","url":"https:\/\/www.futbolmarbella.com\/en\/","name":"Campus de Futbol Marbella","description":"","publisher":{"@id":"https:\/\/www.futbolmarbella.com\/en\/#organization"},"potentialAction":[{"@type":"SearchAction","target":{"@type":"EntryPoint","urlTemplate":"https:\/\/www.futbolmarbella.com\/en\/?s={search_term_string}"},"query-input":{"@type":"PropertyValueSpecification","valueRequired":true,"valueName":"search_term_string"}}],"inLanguage":"en-US"},{"@type":"Organization","@id":"https:\/\/www.futbolmarbella.com\/en\/#organization","name":"Campus de Futbol Marbella","url":"https:\/\/www.futbolmarbella.com\/en\/","logo":{"@type":"ImageObject","inLanguage":"en-US","@id":"https:\/\/www.futbolmarbella.com\/en\/#\/schema\/logo\/image\/","url":"https:\/\/www.futbolmarbella.com\/wp-content\/uploads\/2017\/01\/logo_campus-futbol-marbella.png","contentUrl":"https:\/\/www.futbolmarbella.com\/wp-content\/uploads\/2017\/01\/logo_campus-futbol-marbella.png","width":218,"height":187,"caption":"Campus de Futbol Marbella"},"image":{"@id":"https:\/\/www.futbolmarbella.com\/en\/#\/schema\/logo\/image\/"},"sameAs":["https:\/\/www.facebook.com\/Campus-de-F\u00fatbol-Marbella-136259636436216\/?fref=ts","https:\/\/x.com\/CampusMarbella","https:\/\/www.youtube.com\/user\/futbolmarbella"]}]}},"_links":{"self":[{"href":"https:\/\/www.futbolmarbella.com\/en\/wp-json\/wp\/v2\/pages\/30166","targetHints":{"allow":["GET"]}}],"collection":[{"href":"https:\/\/www.futbolmarbella.com\/en\/wp-json\/wp\/v2\/pages"}],"about":[{"href":"https:\/\/www.futbolmarbella.com\/en\/wp-json\/wp\/v2\/types\/page"}],"author":[{"embeddable":true,"href":"https:\/\/www.futbolmarbella.com\/en\/wp-json\/wp\/v2\/users\/1"}],"replies":[{"embeddable":true,"href":"https:\/\/www.futbolmarbella.com\/en\/wp-json\/wp\/v2\/comments?post=30166"}],"version-history":[{"count":79,"href":"https:\/\/www.futbolmarbella.com\/en\/wp-json\/wp\/v2\/pages\/30166\/revisions"}],"predecessor-version":[{"id":33321,"href":"https:\/\/www.futbolmarbella.com\/en\/wp-json\/wp\/v2\/pages\/30166\/revisions\/33321"}],"wp:attachment":[{"href":"https:\/\/www.futbolmarbella.com\/en\/wp-json\/wp\/v2\/media?parent=30166"}],"curies":[{"name":"wp","href":"https:\/\/api.w.org\/{rel}","templated":true}]}}